{"id":16052,"date":"2024-04-18T01:38:44","date_gmt":"2024-04-18T01:38:44","guid":{"rendered":"https:\/\/ceatso.com\/?page_id=16052"},"modified":"2024-04-18T02:51:30","modified_gmt":"2024-04-18T02:51:30","slug":"articulos-complejidades-latinoamericanas-vol-vii","status":"publish","type":"page","link":"https:\/\/ceatso.com\/es\/articulos-complejidades-latinoamericanas-vol-vii\/","title":{"rendered":"Art\u00edculos Complejidades Latinoamericanas Vol. VII"},"content":{"rendered":"<div data-vc-full-width=\"true\" data-vc-full-width-init=\"false\" data-vc-stretch-content=\"true\" class=\"vc_row wpb_row vc_row-fluid vc_custom_1557090062723 vc_row-has-fill vc_row-no-padding\"><div class=\"wpb_column vc_column_container vc_col-sm-12\"><div class=\"vc_column-inner\"><div class=\"wpb_wrapper\"><div class=\"vc_empty_space\"   style=\"height: 60px\"><span class=\"vc_empty_space_inner\"><\/span><\/div><div class=\"vc_empty_space\"   style=\"height: 60px\"><span class=\"vc_empty_space_inner\"><\/span><\/div>\n\t<div class=\"wpb_text_column wpb_content_element  vc_custom_1713406019440\" >\n\t\t<div class=\"wpb_wrapper\">\n\t\t\t<h1 style=\"text-align: center;\"><span style=\"color: #ffffff;\">Volumen VII, A\u00f1o 2023, Semestre II<\/span><\/h1>\n<h2 style=\"text-align: center;\"><span style=\"color: #ffffff;\">Revista Electr\u00f3nica de Trabajo Social:<\/span><br \/>\n<span style=\"color: #ffffff;\">\u201c<strong>Complejidades Latinoamericanas<\/strong>\u201d<\/span><\/h2>\n<h2 style=\"text-align: center;\"><span style=\"color: #ffffff;\">\u00a0ISSN 2452-6193<\/span><\/h2>\n\n\t\t<\/div>\n\t<\/div>\n<div class=\"vc_empty_space\"   style=\"height: 60px\"><span class=\"vc_empty_space_inner\"><\/span><\/div><\/div><\/div><\/div><\/div><div class=\"vc_row-full-width vc_clearfix\"><\/div><div class=\"vc_row wpb_row vc_row-fluid\"><div class=\"wpb_column vc_column_container vc_col-sm-12\"><div class=\"vc_column-inner\"><div class=\"wpb_wrapper\"><div class=\"vc_row wpb_row vc_inner vc_row-fluid\"><div class=\"wpb_column vc_column_container vc_col-sm-4\"><div class=\"vc_column-inner\"><div class=\"wpb_wrapper\">\n\t<div class=\"wpb_text_column wpb_content_element  vc_custom_1713404520718\" >\n\t\t<div class=\"wpb_wrapper\">\n\t\t\t<h4><span style=\"color: #753e75;\"><a style=\"color: #753e75;\" href=\"https:\/\/ceatso.com\/wp-content\/uploads\/2024\/04\/Revista-Complejidades-VII-Completa-web-7-13.pdf\" target=\"_blank\" rel=\"noopener\">Comprensi\u00f3n hist\u00f3rica y epist\u00e9mica de la apropiaci\u00f3n por despojo de los bienes comunes de la naturaleza en Am\u00e9rica Latina<\/a><\/span><\/h4>\n\n\t\t<\/div>\n\t<\/div>\n\n\t<div class=\"wpb_text_column wpb_content_element  vc_custom_1713404255311\" >\n\t\t<div class=\"wpb_wrapper\">\n\t\t\t<p><strong><span style=\"color: #ff7d4f;\">Autor<\/span><\/strong><br \/>\nOscar Joel Rosales Amador<\/p>\n\n\t\t<\/div>\n\t<\/div>\n<div class=\"vc_separator wpb_content_element vc_separator_align_center vc_sep_width_100 vc_sep_pos_align_center vc_separator_no_text vc_sep_color_grey\" ><span class=\"vc_sep_holder vc_sep_holder_l\"><span  class=\"vc_sep_line\"><\/span><\/span><span class=\"vc_sep_holder vc_sep_holder_r\"><span  class=\"vc_sep_line\"><\/span><\/span>\n<\/div><\/div><\/div><\/div><div class=\"wpb_column vc_column_container vc_col-sm-4\"><div class=\"vc_column-inner\"><div class=\"wpb_wrapper\">\n\t<div class=\"wpb_text_column wpb_content_element  vc_custom_1713404799631\" >\n\t\t<div class=\"wpb_wrapper\">\n\t\t\t<h4><span style=\"color: #753e75;\"><a style=\"color: #753e75;\" href=\"https:\/\/ceatso.com\/wp-content\/uploads\/2024\/04\/Revista-Complejidades-VII-Completa-web-14-19.pdf\" target=\"_blank\" rel=\"noopener\">El enfoque sist\u00e9mico enriquece la intervenci\u00f3n social<\/a><\/span><\/h4>\n\n\t\t<\/div>\n\t<\/div>\n<div class=\"vc_empty_space\"   style=\"height: 47px\"><span class=\"vc_empty_space_inner\"><\/span><\/div>\n\t<div class=\"wpb_text_column wpb_content_element  vc_custom_1713404662706\" >\n\t\t<div class=\"wpb_wrapper\">\n\t\t\t<p><strong><span style=\"color: #ff7d4f;\">Autora<\/span><\/strong><br \/>\nSusana Vaccia Izami<\/p>\n\n\t\t<\/div>\n\t<\/div>\n<div class=\"vc_separator wpb_content_element vc_separator_align_center vc_sep_width_100 vc_sep_pos_align_center vc_separator_no_text vc_sep_color_grey\" ><span class=\"vc_sep_holder vc_sep_holder_l\"><span  class=\"vc_sep_line\"><\/span><\/span><span class=\"vc_sep_holder vc_sep_holder_r\"><span  class=\"vc_sep_line\"><\/span><\/span>\n<\/div><\/div><\/div><\/div><div class=\"wpb_column vc_column_container vc_col-sm-4\"><div class=\"vc_column-inner\"><div class=\"wpb_wrapper\">\n\t<div class=\"wpb_text_column wpb_content_element  vc_custom_1713404903570\" >\n\t\t<div class=\"wpb_wrapper\">\n\t\t\t<h4><span style=\"color: #753e75;\"><a style=\"color: #753e75;\" href=\"https:\/\/ceatso.com\/wp-content\/uploads\/2024\/04\/Revista-Complejidades-VII-Completa-web-20-33.pdf\" target=\"_blank\" rel=\"noopener\">Riesgo psicosocial en docentes de una instituci\u00f3n de educaci\u00f3n superior<\/a><\/span><\/h4>\n\n\t\t<\/div>\n\t<\/div>\n<div class=\"vc_empty_space\"   style=\"height: 22px\"><span class=\"vc_empty_space_inner\"><\/span><\/div>\n\t<div class=\"wpb_text_column wpb_content_element  vc_custom_1713404956377\" >\n\t\t<div class=\"wpb_wrapper\">\n\t\t\t<p><strong><span style=\"color: #ff7d4f;\">Autoras<\/span><\/strong><br \/>\nAna Marcela Manchola, Mar\u00eda Otilia Pulecio Bazurto y Yeimy Karina Rojas Bonilla<\/p>\n\n\t\t<\/div>\n\t<\/div>\n<div class=\"vc_separator wpb_content_element vc_separator_align_center vc_sep_width_100 vc_sep_pos_align_center vc_separator_no_text vc_sep_color_grey\" ><span class=\"vc_sep_holder vc_sep_holder_l\"><span  class=\"vc_sep_line\"><\/span><\/span><span class=\"vc_sep_holder vc_sep_holder_r\"><span  class=\"vc_sep_line\"><\/span><\/span>\n<\/div><\/div><\/div><\/div><\/div><div class=\"vc_row wpb_row vc_inner vc_row-fluid\"><div class=\"wpb_column vc_column_container vc_col-sm-4\"><div class=\"vc_column-inner\"><div class=\"wpb_wrapper\">\n\t<div class=\"wpb_text_column wpb_content_element  vc_custom_1713405162902\" >\n\t\t<div class=\"wpb_wrapper\">\n\t\t\t<h4><span style=\"color: #753e75;\"><a style=\"color: #753e75;\" href=\"https:\/\/ceatso.com\/wp-content\/uploads\/2024\/04\/Revista-Complejidades-VII-Completa-web-34-48.pdf\" target=\"_blank\" rel=\"noopener\">La desintegraci\u00f3n familiar y su incidencia en el rendimiento acad\u00e9mico de los estudiantes de la unidad educativa San Jos\u00e9 de Guaytacama<\/a><\/span><\/h4>\n\n\t\t<\/div>\n\t<\/div>\n<div class=\"vc_empty_space\"   style=\"height: 33px\"><span class=\"vc_empty_space_inner\"><\/span><\/div>\n\t<div class=\"wpb_text_column wpb_content_element  vc_custom_1713405183200\" >\n\t\t<div class=\"wpb_wrapper\">\n\t\t\t<p><strong><span style=\"color: #ff7d4f;\">Autores<\/span><\/strong><br \/>\nNelson Rodrigo Chiguano Umajinga y Esteban Rafael Vera Sacta<\/p>\n\n\t\t<\/div>\n\t<\/div>\n<div class=\"vc_separator wpb_content_element vc_separator_align_center vc_sep_width_100 vc_sep_pos_align_center vc_separator_no_text vc_sep_color_grey\" ><span class=\"vc_sep_holder vc_sep_holder_l\"><span  class=\"vc_sep_line\"><\/span><\/span><span class=\"vc_sep_holder vc_sep_holder_r\"><span  class=\"vc_sep_line\"><\/span><\/span>\n<\/div><\/div><\/div><\/div><div class=\"wpb_column vc_column_container vc_col-sm-4\"><div class=\"vc_column-inner\"><div class=\"wpb_wrapper\">\n\t<div class=\"wpb_text_column wpb_content_element  vc_custom_1713405294786\" >\n\t\t<div class=\"wpb_wrapper\">\n\t\t\t<h4><span style=\"color: #753e75;\"><a style=\"color: #753e75;\" href=\"https:\/\/ceatso.com\/wp-content\/uploads\/2024\/04\/Revista-Complejidades-VII-Completa-web-49-59.pdf\" target=\"_blank\" rel=\"noopener\">De la educaci\u00f3n superior al mundo laboral. Una herramienta tecnol\u00f3gica<\/a><\/span><\/h4>\n\n\t\t<\/div>\n\t<\/div>\n<div class=\"vc_empty_space\"   style=\"height: 55px\"><span class=\"vc_empty_space_inner\"><\/span><\/div>\n\t<div class=\"wpb_text_column wpb_content_element  vc_custom_1713405336785\" >\n\t\t<div class=\"wpb_wrapper\">\n\t\t\t<p><strong><span style=\"color: #ff7d4f;\">Autoras<\/span><\/strong><br \/>\nNicole Alejandra Lozano Lurduy, Mar\u00eda Otilia Pulecio Bazurto, Marisol Mart\u00ednez Suarez y Mar\u00eda Camila Herrera Devia<\/p>\n\n\t\t<\/div>\n\t<\/div>\n<div class=\"vc_separator wpb_content_element vc_separator_align_center vc_sep_width_100 vc_sep_pos_align_center vc_separator_no_text vc_sep_color_grey\" ><span class=\"vc_sep_holder vc_sep_holder_l\"><span  class=\"vc_sep_line\"><\/span><\/span><span class=\"vc_sep_holder vc_sep_holder_r\"><span  class=\"vc_sep_line\"><\/span><\/span>\n<\/div><\/div><\/div><\/div><div class=\"wpb_column vc_column_container vc_col-sm-4\"><div class=\"vc_column-inner\"><div class=\"wpb_wrapper\">\n\t<div class=\"wpb_text_column wpb_content_element  vc_custom_1713405577102\" >\n\t\t<div class=\"wpb_wrapper\">\n\t\t\t<h4><span style=\"color: #753e75;\"><a style=\"color: #753e75;\" href=\"https:\/\/ceatso.com\/wp-content\/uploads\/2024\/04\/Revista-Complejidades-VII-Completa-web-60-68.pdf\" target=\"_blank\" rel=\"noopener\">Trabajo Social y las condiciones de vulnerabilidad de los vendedores ambulantes de la ciudad de Loja, an\u00e1lisis preliminar<\/a><\/span><\/h4>\n\n\t\t<\/div>\n\t<\/div>\n<div class=\"vc_empty_space\"   style=\"height: 8px\"><span class=\"vc_empty_space_inner\"><\/span><\/div>\n\t<div class=\"wpb_text_column wpb_content_element  vc_custom_1713405526752\" >\n\t\t<div class=\"wpb_wrapper\">\n\t\t\t<p><strong><span style=\"color: #ff7d4f;\">Autores<\/span><\/strong><br \/>\nBetti del Cisne Reyes Masa, Celsa Beatriz Carri\u00f3n Berr\u00fa, Jos\u00e9 Rodrigo Maldonado Quezada y Johvana Aguirre Mendoza<\/p>\n\n\t\t<\/div>\n\t<\/div>\n<div class=\"vc_separator wpb_content_element vc_separator_align_center vc_sep_width_100 vc_sep_pos_align_center vc_separator_no_text vc_sep_color_grey\" ><span class=\"vc_sep_holder vc_sep_holder_l\"><span  class=\"vc_sep_line\"><\/span><\/span><span class=\"vc_sep_holder vc_sep_holder_r\"><span  class=\"vc_sep_line\"><\/span><\/span>\n<\/div><\/div><\/div><\/div><\/div><div class=\"vc_row wpb_row vc_inner vc_row-fluid\"><div class=\"wpb_column vc_column_container vc_col-sm-4\"><div class=\"vc_column-inner\"><div class=\"wpb_wrapper\">\n\t<div class=\"wpb_text_column wpb_content_element  vc_custom_1713405807372\" >\n\t\t<div class=\"wpb_wrapper\">\n\t\t\t<h4><span style=\"color: #753e75;\"><a style=\"color: #753e75;\" href=\"https:\/\/ceatso.com\/wp-content\/uploads\/2024\/04\/Revista-Complejidades-VII-Completa-web-69-75.pdf\" target=\"_blank\" rel=\"noopener\">Impactos de la contaminaci\u00f3n socioambiental que afectan la calidad de vida de la invasi\u00f3n las vegas del municipio de Salda\u00f1a-Tolima<\/a><\/span><\/h4>\n\n\t\t<\/div>\n\t<\/div>\n\n\t<div class=\"wpb_text_column wpb_content_element  vc_custom_1713405845191\" >\n\t\t<div class=\"wpb_wrapper\">\n\t\t\t<p><strong><span style=\"color: #ff7d4f;\">Autores<\/span><\/strong><br \/>\nAlexandra Lopera Rodr\u00edguez, Diana Sofia Ospina Ospina, Maryory Fernanda Oyuela Aldana y Marisol Mart\u00ednez Su\u00e1rez<\/p>\n\n\t\t<\/div>\n\t<\/div>\n<div class=\"vc_separator wpb_content_element vc_separator_align_center vc_sep_width_100 vc_sep_pos_align_center vc_separator_no_text vc_sep_color_grey\" ><span class=\"vc_sep_holder vc_sep_holder_l\"><span  class=\"vc_sep_line\"><\/span><\/span><span class=\"vc_sep_holder vc_sep_holder_r\"><span  class=\"vc_sep_line\"><\/span><\/span>\n<\/div><\/div><\/div><\/div><div class=\"wpb_column vc_column_container vc_col-sm-4\"><div class=\"vc_column-inner\"><div class=\"wpb_wrapper\"><\/div><\/div><\/div><div class=\"wpb_column vc_column_container vc_col-sm-4\"><div class=\"vc_column-inner\"><div class=\"wpb_wrapper\"><\/div><\/div><\/div><\/div><\/div><\/div><\/div><\/div>","protected":false},"excerpt":{"rendered":"Volumen VII, A\u00f1o 2023, Semestre II Revista Electr\u00f3nica de Trabajo Social: \u201cComplejidades Latinoamericanas\u201d \u00a0ISSN 2452-6193 Comprensi\u00f3n hist\u00f3rica y epist\u00e9mica de la apropiaci\u00f3n por despojo de los bienes comunes de la naturaleza en Am\u00e9rica Latina Autor Oscar Joel Rosales Amador El &hellip;","protected":false},"author":1,"featured_media":14418,"parent":0,"menu_order":0,"comment_status":"closed","ping_status":"closed","template":"page-templates\/homepage.php","meta":{"_bbp_topic_count":0,"_bbp_reply_count":0,"_bbp_total_topic_count":0,"_bbp_total_reply_count":0,"_bbp_voice_count":0,"_bbp_anonymous_reply_count":0,"_bbp_topic_count_hidden":0,"_bbp_reply_count_hidden":0,"_bbp_forum_subforum_count":0,"pmpro_default_level":"","footnotes":""},"class_list":["post-16052","page","type-page","status-publish","has-post-thumbnail","hentry","pmpro-has-access"],"yoast_head":"<!-- This site is optimized with the Yoast SEO plugin v25.3 - https:\/\/yoast.com\/wordpress\/plugins\/seo\/ -->\n<title>Art\u00edculos Complejidades Latinoamericanas Vol. VII - CEATSO<\/title>\n<meta name=\"robots\" content=\"index, follow, max-snippet:-1, max-image-preview:large, max-video-preview:-1\" \/>\n<link rel=\"canonical\" href=\"https:\/\/ceatso.com\/es\/articulos-complejidades-latinoamericanas-vol-vii\/\" \/>\n<meta property=\"og:locale\" content=\"es_ES\" \/>\n<meta property=\"og:type\" content=\"article\" \/>\n<meta property=\"og:title\" content=\"Art\u00edculos Complejidades Latinoamericanas Vol. VII - CEATSO\" \/>\n<meta property=\"og:url\" content=\"https:\/\/ceatso.com\/es\/articulos-complejidades-latinoamericanas-vol-vii\/\" \/>\n<meta property=\"og:site_name\" content=\"CEATSO\" \/>\n<meta property=\"article:modified_time\" content=\"2024-04-18T02:51:30+00:00\" \/>\n<meta property=\"og:image\" content=\"https:\/\/ceatso.com\/wp-content\/uploads\/2021\/01\/Portadas-Revista-complejidades-1.png\" \/>\n\t<meta property=\"og:image:width\" content=\"1240\" \/>\n\t<meta property=\"og:image:height\" content=\"1754\" \/>\n\t<meta property=\"og:image:type\" content=\"image\/png\" \/>\n<meta name=\"twitter:card\" content=\"summary_large_image\" \/>\n<meta name=\"twitter:label1\" content=\"Tiempo de lectura\" \/>\n\t<meta name=\"twitter:data1\" content=\"4 minutos\" \/>\n<script type=\"application\/ld+json\" class=\"yoast-schema-graph\">{\"@context\":\"https:\/\/schema.org\",\"@graph\":[{\"@type\":\"WebPage\",\"@id\":\"https:\/\/ceatso.com\/articulos-complejidades-latinoamericanas-vol-vii\/\",\"url\":\"https:\/\/ceatso.com\/articulos-complejidades-latinoamericanas-vol-vii\/\",\"name\":\"Art\u00edculos Complejidades Latinoamericanas Vol. VII - CEATSO\",\"isPartOf\":{\"@id\":\"https:\/\/ceatso.com\/#website\"},\"primaryImageOfPage\":{\"@id\":\"https:\/\/ceatso.com\/articulos-complejidades-latinoamericanas-vol-vii\/#primaryimage\"},\"image\":{\"@id\":\"https:\/\/ceatso.com\/articulos-complejidades-latinoamericanas-vol-vii\/#primaryimage\"},\"thumbnailUrl\":\"https:\/\/ceatso.com\/wp-content\/uploads\/2021\/01\/Portadas-Revista-complejidades-1.png\",\"datePublished\":\"2024-04-18T01:38:44+00:00\",\"dateModified\":\"2024-04-18T02:51:30+00:00\",\"breadcrumb\":{\"@id\":\"https:\/\/ceatso.com\/articulos-complejidades-latinoamericanas-vol-vii\/#breadcrumb\"},\"inLanguage\":\"es\",\"potentialAction\":[{\"@type\":\"ReadAction\",\"target\":[\"https:\/\/ceatso.com\/articulos-complejidades-latinoamericanas-vol-vii\/\"]}]},{\"@type\":\"ImageObject\",\"inLanguage\":\"es\",\"@id\":\"https:\/\/ceatso.com\/articulos-complejidades-latinoamericanas-vol-vii\/#primaryimage\",\"url\":\"https:\/\/ceatso.com\/wp-content\/uploads\/2021\/01\/Portadas-Revista-complejidades-1.png\",\"contentUrl\":\"https:\/\/ceatso.com\/wp-content\/uploads\/2021\/01\/Portadas-Revista-complejidades-1.png\",\"width\":1240,\"height\":1754},{\"@type\":\"BreadcrumbList\",\"@id\":\"https:\/\/ceatso.com\/articulos-complejidades-latinoamericanas-vol-vii\/#breadcrumb\",\"itemListElement\":[{\"@type\":\"ListItem\",\"position\":1,\"name\":\"Portada\",\"item\":\"https:\/\/ceatso.com\/\"},{\"@type\":\"ListItem\",\"position\":2,\"name\":\"Art\u00edculos Complejidades Latinoamericanas Vol. VII\"}]},{\"@type\":\"WebSite\",\"@id\":\"https:\/\/ceatso.com\/#website\",\"url\":\"https:\/\/ceatso.com\/\",\"name\":\"CEATSO\",\"description\":\"Corporacion de Estudios Avanzados en Trabajo Social\",\"publisher\":{\"@id\":\"https:\/\/ceatso.com\/#organization\"},\"potentialAction\":[{\"@type\":\"SearchAction\",\"target\":{\"@type\":\"EntryPoint\",\"urlTemplate\":\"https:\/\/ceatso.com\/?s={search_term_string}\"},\"query-input\":{\"@type\":\"PropertyValueSpecification\",\"valueRequired\":true,\"valueName\":\"search_term_string\"}}],\"inLanguage\":\"es\"},{\"@type\":\"Organization\",\"@id\":\"https:\/\/ceatso.com\/#organization\",\"name\":\"Corporaci\u00f3n de Estudios Avanzados En Trabajo Social | CEATSO\",\"url\":\"https:\/\/ceatso.com\/\",\"logo\":{\"@type\":\"ImageObject\",\"inLanguage\":\"es\",\"@id\":\"https:\/\/ceatso.com\/#\/schema\/logo\/image\/\",\"url\":\"https:\/\/ceatso.com\/wp-content\/uploads\/2019\/05\/Logro-Negro.png\",\"contentUrl\":\"https:\/\/ceatso.com\/wp-content\/uploads\/2019\/05\/Logro-Negro.png\",\"width\":569,\"height\":164,\"caption\":\"Corporaci\u00f3n de Estudios Avanzados En Trabajo Social | CEATSO\"},\"image\":{\"@id\":\"https:\/\/ceatso.com\/#\/schema\/logo\/image\/\"}}]}<\/script>\n<!-- \/ Yoast SEO plugin. -->","yoast_head_json":{"title":"Art\u00edculos Complejidades Latinoamericanas Vol. VII - CEATSO","robots":{"index":"index","follow":"follow","max-snippet":"max-snippet:-1","max-image-preview":"max-image-preview:large","max-video-preview":"max-video-preview:-1"},"canonical":"https:\/\/ceatso.com\/es\/articulos-complejidades-latinoamericanas-vol-vii\/","og_locale":"es_ES","og_type":"article","og_title":"Art\u00edculos Complejidades Latinoamericanas Vol. VII - CEATSO","og_url":"https:\/\/ceatso.com\/es\/articulos-complejidades-latinoamericanas-vol-vii\/","og_site_name":"CEATSO","article_modified_time":"2024-04-18T02:51:30+00:00","og_image":[{"width":1240,"height":1754,"url":"https:\/\/ceatso.com\/wp-content\/uploads\/2021\/01\/Portadas-Revista-complejidades-1.png","type":"image\/png"}],"twitter_card":"summary_large_image","twitter_misc":{"Tiempo de lectura":"4 minutos"},"schema":{"@context":"https:\/\/schema.org","@graph":[{"@type":"WebPage","@id":"https:\/\/ceatso.com\/articulos-complejidades-latinoamericanas-vol-vii\/","url":"https:\/\/ceatso.com\/articulos-complejidades-latinoamericanas-vol-vii\/","name":"Art\u00edculos Complejidades Latinoamericanas Vol. VII - CEATSO","isPartOf":{"@id":"https:\/\/ceatso.com\/#website"},"primaryImageOfPage":{"@id":"https:\/\/ceatso.com\/articulos-complejidades-latinoamericanas-vol-vii\/#primaryimage"},"image":{"@id":"https:\/\/ceatso.com\/articulos-complejidades-latinoamericanas-vol-vii\/#primaryimage"},"thumbnailUrl":"https:\/\/ceatso.com\/wp-content\/uploads\/2021\/01\/Portadas-Revista-complejidades-1.png","datePublished":"2024-04-18T01:38:44+00:00","dateModified":"2024-04-18T02:51:30+00:00","breadcrumb":{"@id":"https:\/\/ceatso.com\/articulos-complejidades-latinoamericanas-vol-vii\/#breadcrumb"},"inLanguage":"es","potentialAction":[{"@type":"ReadAction","target":["https:\/\/ceatso.com\/articulos-complejidades-latinoamericanas-vol-vii\/"]}]},{"@type":"ImageObject","inLanguage":"es","@id":"https:\/\/ceatso.com\/articulos-complejidades-latinoamericanas-vol-vii\/#primaryimage","url":"https:\/\/ceatso.com\/wp-content\/uploads\/2021\/01\/Portadas-Revista-complejidades-1.png","contentUrl":"https:\/\/ceatso.com\/wp-content\/uploads\/2021\/01\/Portadas-Revista-complejidades-1.png","width":1240,"height":1754},{"@type":"BreadcrumbList","@id":"https:\/\/ceatso.com\/articulos-complejidades-latinoamericanas-vol-vii\/#breadcrumb","itemListElement":[{"@type":"ListItem","position":1,"name":"Portada","item":"https:\/\/ceatso.com\/"},{"@type":"ListItem","position":2,"name":"Art\u00edculos Complejidades Latinoamericanas Vol. VII"}]},{"@type":"WebSite","@id":"https:\/\/ceatso.com\/#website","url":"https:\/\/ceatso.com\/","name":"CEATSO","description":"Corporacion de Estudios Avanzados en Trabajo Social","publisher":{"@id":"https:\/\/ceatso.com\/#organization"},"potentialAction":[{"@type":"SearchAction","target":{"@type":"EntryPoint","urlTemplate":"https:\/\/ceatso.com\/?s={search_term_string}"},"query-input":{"@type":"PropertyValueSpecification","valueRequired":true,"valueName":"search_term_string"}}],"inLanguage":"es"},{"@type":"Organization","@id":"https:\/\/ceatso.com\/#organization","name":"Corporaci\u00f3n de Estudios Avanzados En Trabajo Social | CEATSO","url":"https:\/\/ceatso.com\/","logo":{"@type":"ImageObject","inLanguage":"es","@id":"https:\/\/ceatso.com\/#\/schema\/logo\/image\/","url":"https:\/\/ceatso.com\/wp-content\/uploads\/2019\/05\/Logro-Negro.png","contentUrl":"https:\/\/ceatso.com\/wp-content\/uploads\/2019\/05\/Logro-Negro.png","width":569,"height":164,"caption":"Corporaci\u00f3n de Estudios Avanzados En Trabajo Social | CEATSO"},"image":{"@id":"https:\/\/ceatso.com\/#\/schema\/logo\/image\/"}}]}},"_links":{"self":[{"href":"https:\/\/ceatso.com\/es\/wp-json\/wp\/v2\/pages\/16052","targetHints":{"allow":["GET"]}}],"collection":[{"href":"https:\/\/ceatso.com\/es\/wp-json\/wp\/v2\/pages"}],"about":[{"href":"https:\/\/ceatso.com\/es\/wp-json\/wp\/v2\/types\/page"}],"author":[{"embeddable":true,"href":"https:\/\/ceatso.com\/es\/wp-json\/wp\/v2\/users\/1"}],"replies":[{"embeddable":true,"href":"https:\/\/ceatso.com\/es\/wp-json\/wp\/v2\/comments?post=16052"}],"version-history":[{"count":14,"href":"https:\/\/ceatso.com\/es\/wp-json\/wp\/v2\/pages\/16052\/revisions"}],"predecessor-version":[{"id":16077,"href":"https:\/\/ceatso.com\/es\/wp-json\/wp\/v2\/pages\/16052\/revisions\/16077"}],"wp:featuredmedia":[{"embeddable":true,"href":"https:\/\/ceatso.com\/es\/wp-json\/wp\/v2\/media\/14418"}],"wp:attachment":[{"href":"https:\/\/ceatso.com\/es\/wp-json\/wp\/v2\/media?parent=16052"}],"curies":[{"name":"wp","href":"https:\/\/api.w.org\/{rel}","templated":true}]}}