{"id":16150,"date":"2024-04-21T23:08:15","date_gmt":"2024-04-21T23:08:15","guid":{"rendered":"https:\/\/ceatso.com\/?page_id=16150"},"modified":"2024-04-21T23:08:15","modified_gmt":"2024-04-21T23:08:15","slug":"articulos-campos-poblematicos-vol-vi","status":"publish","type":"page","link":"https:\/\/ceatso.com\/es\/articulos-campos-poblematicos-vol-vi\/","title":{"rendered":"Art\u00edculos Campos Poblem\u00e1ticos Vol. VI"},"content":{"rendered":"<div data-vc-full-width=\"true\" data-vc-full-width-init=\"false\" data-vc-stretch-content=\"true\" class=\"vc_row wpb_row vc_row-fluid vc_custom_1557090062723 vc_row-has-fill vc_row-no-padding\"><div class=\"wpb_column vc_column_container vc_col-sm-12\"><div class=\"vc_column-inner\"><div class=\"wpb_wrapper\"><div class=\"vc_empty_space\"   style=\"height: 60px\"><span class=\"vc_empty_space_inner\"><\/span><\/div><div class=\"vc_empty_space\"   style=\"height: 60px\"><span class=\"vc_empty_space_inner\"><\/span><\/div>\n\t<div class=\"wpb_text_column wpb_content_element  vc_custom_1713739846096\" >\n\t\t<div class=\"wpb_wrapper\">\n\t\t\t<h1 style=\"text-align: center;\"><span style=\"color: #ffffff;\">Volumen VI, A\u00f1o 2023, Semestre I<\/span><\/h1>\n<h2 style=\"text-align: center;\"><span style=\"color: #ffffff;\">Revista Electr\u00f3nica de Trabajo Social:<\/span><br \/>\n<span style=\"color: #ffffff;\">\u201cCampos Problem\u00e1ticos en el Trabajo Social Latinoamericano\u201d<\/span><\/h2>\n<h2 style=\"text-align: center;\"><span style=\"color: #ffffff;\"> ISSN 2735-6019<\/span><\/h2>\n\n\t\t<\/div>\n\t<\/div>\n<div class=\"vc_empty_space\"   style=\"height: 60px\"><span class=\"vc_empty_space_inner\"><\/span><\/div><\/div><\/div><\/div><\/div><div class=\"vc_row-full-width vc_clearfix\"><\/div><div class=\"vc_row wpb_row vc_row-fluid\"><div class=\"wpb_column vc_column_container vc_col-sm-12\"><div class=\"vc_column-inner\"><div class=\"wpb_wrapper\"><div class=\"vc_row wpb_row vc_inner vc_row-fluid\"><div class=\"wpb_column vc_column_container vc_col-sm-4\"><div class=\"vc_column-inner\"><div class=\"wpb_wrapper\">\n\t<div class=\"wpb_text_column wpb_content_element  vc_custom_1713739930902\" >\n\t\t<div class=\"wpb_wrapper\">\n\t\t\t<h4><span style=\"color: #753e75;\"><a style=\"color: #753e75;\" href=\"https:\/\/ceatso.com\/wp-content\/uploads\/2024\/04\/VI-Numero-Campos-Problematicos-7-23.pdf\" target=\"_blank\" rel=\"noopener\">Reflexi\u00f3n disciplinar en torno al impacto de la COVID-19 en las din\u00e1micas familiares de los estudiantes de trabajo social de la corporaci\u00f3n universitaria Rafael N\u00fa\u00f1ez (CURN) sede Cartagena para el a\u00f1o 2020<\/a><\/span><\/h4>\n\n\t\t<\/div>\n\t<\/div>\n<div class=\"vc_empty_space\"   style=\"height: 22px\"><span class=\"vc_empty_space_inner\"><\/span><\/div>\n\t<div class=\"wpb_text_column wpb_content_element  vc_custom_1713739972427\" >\n\t\t<div class=\"wpb_wrapper\">\n\t\t\t<p><strong><span style=\"color: #ff7d4f;\">Autoras<\/span><\/strong><br \/>\nYessica Paola Gonz\u00e1lez Santana, Mar\u00eda Concepci\u00f3n Pino Berrio, Ledys Mireya G\u00f3mez Matute y Deni Luz Beltr\u00e1n P\u00e1jaro<\/p>\n\n\t\t<\/div>\n\t<\/div>\n<div class=\"vc_separator wpb_content_element vc_separator_align_center vc_sep_width_100 vc_sep_pos_align_center vc_separator_no_text vc_sep_color_grey\" ><span class=\"vc_sep_holder vc_sep_holder_l\"><span  class=\"vc_sep_line\"><\/span><\/span><span class=\"vc_sep_holder vc_sep_holder_r\"><span  class=\"vc_sep_line\"><\/span><\/span>\n<\/div><\/div><\/div><\/div><div class=\"wpb_column vc_column_container vc_col-sm-4\"><div class=\"vc_column-inner\"><div class=\"wpb_wrapper\">\n\t<div class=\"wpb_text_column wpb_content_element  vc_custom_1713740041484\" >\n\t\t<div class=\"wpb_wrapper\">\n\t\t\t<h4><span style=\"color: #753e75;\"><a style=\"color: #753e75;\" href=\"https:\/\/ceatso.com\/wp-content\/uploads\/2024\/04\/VI-Numero-Campos-Problematicos-24-42.pdf\" target=\"_blank\" rel=\"noopener\">Retos y desaf\u00edos del desempe\u00f1o profesional de Trabajo Social en los cuidados paliativos: Una revisi\u00f3n sistem\u00e1tica<\/a><\/span><\/h4>\n\n\t\t<\/div>\n\t<\/div>\n<div class=\"vc_empty_space\"   style=\"height: 20px\"><span class=\"vc_empty_space_inner\"><\/span><\/div>\n\t<div class=\"wpb_text_column wpb_content_element  vc_custom_1713740060942\" >\n\t\t<div class=\"wpb_wrapper\">\n\t\t\t<p><strong><span style=\"color: #ff7d4f;\">Autoras<\/span><\/strong><br \/>\nBelinda Espinosa Cazarez y Cindy Margarita L\u00f3pez Murillo<\/p>\n\n\t\t<\/div>\n\t<\/div>\n<div class=\"vc_separator wpb_content_element vc_separator_align_center vc_sep_width_100 vc_sep_pos_align_center vc_separator_no_text vc_sep_color_grey\" ><span class=\"vc_sep_holder vc_sep_holder_l\"><span  class=\"vc_sep_line\"><\/span><\/span><span class=\"vc_sep_holder vc_sep_holder_r\"><span  class=\"vc_sep_line\"><\/span><\/span>\n<\/div><\/div><\/div><\/div><div class=\"wpb_column vc_column_container vc_col-sm-4\"><div class=\"vc_column-inner\"><div class=\"wpb_wrapper\">\n\t<div class=\"wpb_text_column wpb_content_element  vc_custom_1713740184264\" >\n\t\t<div class=\"wpb_wrapper\">\n\t\t\t<h4><span style=\"color: #753e75;\"><a style=\"color: #753e75;\" href=\"https:\/\/ceatso.com\/wp-content\/uploads\/2024\/04\/VI-Numero-Campos-Problematicos-43-54.pdf\" target=\"_blank\" rel=\"noopener\">La violencia silenciosa en el \u00e1mbito escolar a partir de los estereotipos de g\u00e9nero en ni\u00f1os de 6\u00b0 de primaria<\/a><\/span><\/h4>\n\n\t\t<\/div>\n\t<\/div>\n<div class=\"vc_empty_space\"   style=\"height: 22px\"><span class=\"vc_empty_space_inner\"><\/span><\/div>\n\t<div class=\"wpb_text_column wpb_content_element  vc_custom_1713740228350\" >\n\t\t<div class=\"wpb_wrapper\">\n\t\t\t<p><strong><span style=\"color: #ff7d4f;\">Autoras<\/span><\/strong><br \/>\nMargory Villanueva Vera, Sheila Garc\u00eda Paredes, Mary Fher Vigo Valiente y Yoya Flores P\u00e9rez<\/p>\n\n\t\t<\/div>\n\t<\/div>\n<div class=\"vc_separator wpb_content_element vc_separator_align_center vc_sep_width_100 vc_sep_pos_align_center vc_separator_no_text vc_sep_color_grey\" ><span class=\"vc_sep_holder vc_sep_holder_l\"><span  class=\"vc_sep_line\"><\/span><\/span><span class=\"vc_sep_holder vc_sep_holder_r\"><span  class=\"vc_sep_line\"><\/span><\/span>\n<\/div><\/div><\/div><\/div><\/div><div class=\"vc_row wpb_row vc_inner vc_row-fluid\"><div class=\"wpb_column vc_column_container vc_col-sm-4\"><div class=\"vc_column-inner\"><div class=\"wpb_wrapper\">\n\t<div class=\"wpb_text_column wpb_content_element  vc_custom_1713740299371\" >\n\t\t<div class=\"wpb_wrapper\">\n\t\t\t<h4><span style=\"color: #753e75;\"><a style=\"color: #753e75;\" href=\"https:\/\/ceatso.com\/wp-content\/uploads\/2024\/04\/VI-Numero-Campos-Problematicos-55-65.pdf\" target=\"_blank\" rel=\"noopener\">Comunicaci\u00f3n familiar: Un elemento b\u00e1sico para el buen convivir de los ni\u00f1os atendidos en defensor\u00eda municipal del ni\u00f1o, ni\u00f1a y adolescente<\/a><\/span><\/h4>\n\n\t\t<\/div>\n\t<\/div>\n\n\t<div class=\"wpb_text_column wpb_content_element  vc_custom_1713740327981\" >\n\t\t<div class=\"wpb_wrapper\">\n\t\t\t<p><strong><span style=\"color: #ff7d4f;\">Autoras<\/span><\/strong><br \/>\nMari Carmen Ino\u00f1an Valdera, Marian Alexandra Lescano Quilcat, Milena Villanueva Mendoza y Yoya Flores P\u00e9rez<\/p>\n\n\t\t<\/div>\n\t<\/div>\n<div class=\"vc_separator wpb_content_element vc_separator_align_center vc_sep_width_100 vc_sep_pos_align_center vc_separator_no_text vc_sep_color_grey\" ><span class=\"vc_sep_holder vc_sep_holder_l\"><span  class=\"vc_sep_line\"><\/span><\/span><span class=\"vc_sep_holder vc_sep_holder_r\"><span  class=\"vc_sep_line\"><\/span><\/span>\n<\/div><\/div><\/div><\/div><div class=\"wpb_column vc_column_container vc_col-sm-4\"><div class=\"vc_column-inner\"><div class=\"wpb_wrapper\">\n\t<div class=\"wpb_text_column wpb_content_element  vc_custom_1713740396414\" >\n\t\t<div class=\"wpb_wrapper\">\n\t\t\t<h4><span style=\"color: #753e75;\"><a style=\"color: #753e75;\" href=\"https:\/\/ceatso.com\/wp-content\/uploads\/2024\/04\/VI-Numero-Campos-Problematicos-66-74.pdf\" target=\"_blank\" rel=\"noopener\">Una nueva mirada del modelo docente desde el Trabajo Social<\/a><\/span><\/h4>\n\n\t\t<\/div>\n\t<\/div>\n<div class=\"vc_empty_space\"   style=\"height: 47px\"><span class=\"vc_empty_space_inner\"><\/span><\/div>\n\t<div class=\"wpb_text_column wpb_content_element  vc_custom_1713740445122\" >\n\t\t<div class=\"wpb_wrapper\">\n\t\t\t<p><strong><span style=\"color: #ff7d4f;\">Autoras<\/span><\/strong><br \/>\nCarla Alejandra Alc\u00e1ntara Castillo, Janeth Yanela Carhuachin Mozo, Gelandy Orfelinda Narro Cusquisiban, Nora Diana Reyna Guti\u00e9rrez y Yoya Flores P\u00e9rez<\/p>\n\n\t\t<\/div>\n\t<\/div>\n<div class=\"vc_separator wpb_content_element vc_separator_align_center vc_sep_width_100 vc_sep_pos_align_center vc_separator_no_text vc_sep_color_grey\" ><span class=\"vc_sep_holder vc_sep_holder_l\"><span  class=\"vc_sep_line\"><\/span><\/span><span class=\"vc_sep_holder vc_sep_holder_r\"><span  class=\"vc_sep_line\"><\/span><\/span>\n<\/div><\/div><\/div><\/div><div class=\"wpb_column vc_column_container vc_col-sm-4\"><div class=\"vc_column-inner\"><div class=\"wpb_wrapper\">\n\t<div class=\"wpb_text_column wpb_content_element  vc_custom_1713740526160\" >\n\t\t<div class=\"wpb_wrapper\">\n\t\t\t<h4><span style=\"color: #753e75;\"><a style=\"color: #753e75;\" href=\"https:\/\/ceatso.com\/wp-content\/uploads\/2024\/04\/VI-Numero-Campos-Problematicos-75-83.pdf\" target=\"_blank\" rel=\"noopener\">Redes sociales secundarias en el adulto mayor<\/a><\/span><\/h4>\n\n\t\t<\/div>\n\t<\/div>\n<div class=\"vc_empty_space\"   style=\"height: 22px\"><span class=\"vc_empty_space_inner\"><\/span><\/div>\n\t<div class=\"wpb_text_column wpb_content_element  vc_custom_1713740542410\" >\n\t\t<div class=\"wpb_wrapper\">\n\t\t\t<p><strong><span style=\"color: #ff7d4f;\">Autores<\/span><\/strong><br \/>\nNathalie Alfaro C\u00e1rdenas, Jhoselin Cortez Julca, Maricielo Mercedes Salirrosas, Yussith Solano Herrera y Yoya Flores P\u00e9rez<\/p>\n\n\t\t<\/div>\n\t<\/div>\n<div class=\"vc_separator wpb_content_element vc_separator_align_center vc_sep_width_100 vc_sep_pos_align_center vc_separator_no_text vc_sep_color_grey\" ><span class=\"vc_sep_holder vc_sep_holder_l\"><span  class=\"vc_sep_line\"><\/span><\/span><span class=\"vc_sep_holder vc_sep_holder_r\"><span  class=\"vc_sep_line\"><\/span><\/span>\n<\/div><\/div><\/div><\/div><\/div><div class=\"vc_row wpb_row vc_inner vc_row-fluid\"><div class=\"wpb_column vc_column_container vc_col-sm-4\"><div class=\"vc_column-inner\"><div class=\"wpb_wrapper\">\n\t<div class=\"wpb_text_column wpb_content_element  vc_custom_1713740705146\" >\n\t\t<div class=\"wpb_wrapper\">\n\t\t\t<h4><span style=\"color: #753e75;\"><a style=\"color: #753e75;\" href=\"https:\/\/ceatso.com\/wp-content\/uploads\/2024\/04\/VI-Numero-Campos-Problematicos-84-95.pdf\" target=\"_blank\" rel=\"noopener\">Transici\u00f3n de la educaci\u00f3n virtual a la presencial y las relaciones interpersonales<\/a><\/span><\/h4>\n\n\t\t<\/div>\n\t<\/div>\n\n\t<div class=\"wpb_text_column wpb_content_element  vc_custom_1713740654298\" >\n\t\t<div class=\"wpb_wrapper\">\n\t\t\t<p><strong><span style=\"color: #ff7d4f;\">Autoras<\/span><\/strong><br \/>\nGianella Acosta Bola\u00f1os, Lourdes De La Cruz Rodr\u00edguez, Ruth Diaz Alva, Angie Medina Layza y Yoya Flores P\u00e9rez<\/p>\n\n\t\t<\/div>\n\t<\/div>\n<div class=\"vc_separator wpb_content_element vc_separator_align_center vc_sep_width_100 vc_sep_pos_align_center vc_separator_no_text vc_sep_color_grey\" ><span class=\"vc_sep_holder vc_sep_holder_l\"><span  class=\"vc_sep_line\"><\/span><\/span><span class=\"vc_sep_holder vc_sep_holder_r\"><span  class=\"vc_sep_line\"><\/span><\/span>\n<\/div><\/div><\/div><\/div><div class=\"wpb_column vc_column_container vc_col-sm-4\"><div class=\"vc_column-inner\"><div class=\"wpb_wrapper\"><\/div><\/div><\/div><div class=\"wpb_column vc_column_container vc_col-sm-4\"><div class=\"vc_column-inner\"><div class=\"wpb_wrapper\"><\/div><\/div><\/div><\/div><\/div><\/div><\/div><\/div>","protected":false},"excerpt":{"rendered":"Volumen VI, A\u00f1o 2023, Semestre I Revista Electr\u00f3nica de Trabajo Social: \u201cCampos Problem\u00e1ticos en el Trabajo Social Latinoamericano\u201d ISSN 2735-6019 Reflexi\u00f3n disciplinar en torno al impacto de la COVID-19 en las din\u00e1micas familiares de los estudiantes de trabajo social de &hellip;","protected":false},"author":1,"featured_media":14418,"parent":0,"menu_order":0,"comment_status":"closed","ping_status":"closed","template":"page-templates\/homepage.php","meta":{"_bbp_topic_count":0,"_bbp_reply_count":0,"_bbp_total_topic_count":0,"_bbp_total_reply_count":0,"_bbp_voice_count":0,"_bbp_anonymous_reply_count":0,"_bbp_topic_count_hidden":0,"_bbp_reply_count_hidden":0,"_bbp_forum_subforum_count":0,"pmpro_default_level":"","footnotes":""},"class_list":["post-16150","page","type-page","status-publish","has-post-thumbnail","hentry","pmpro-has-access"],"yoast_head":"<!-- This site is optimized with the Yoast SEO plugin v25.3 - https:\/\/yoast.com\/wordpress\/plugins\/seo\/ -->\n<title>Art\u00edculos Campos Poblem\u00e1ticos Vol. VI - CEATSO<\/title>\n<meta name=\"robots\" content=\"index, follow, max-snippet:-1, max-image-preview:large, max-video-preview:-1\" \/>\n<link rel=\"canonical\" href=\"https:\/\/ceatso.com\/es\/articulos-campos-poblematicos-vol-vi\/\" \/>\n<meta property=\"og:locale\" content=\"es_ES\" \/>\n<meta property=\"og:type\" content=\"article\" \/>\n<meta property=\"og:title\" content=\"Art\u00edculos Campos Poblem\u00e1ticos Vol. VI - CEATSO\" \/>\n<meta property=\"og:url\" content=\"https:\/\/ceatso.com\/es\/articulos-campos-poblematicos-vol-vi\/\" \/>\n<meta property=\"og:site_name\" content=\"CEATSO\" \/>\n<meta property=\"og:image\" content=\"https:\/\/ceatso.com\/wp-content\/uploads\/2021\/01\/Portadas-Revista-complejidades-1.png\" \/>\n\t<meta property=\"og:image:width\" content=\"1240\" \/>\n\t<meta property=\"og:image:height\" content=\"1754\" \/>\n\t<meta property=\"og:image:type\" content=\"image\/png\" \/>\n<meta name=\"twitter:card\" content=\"summary_large_image\" \/>\n<meta name=\"twitter:label1\" content=\"Tiempo de lectura\" \/>\n\t<meta name=\"twitter:data1\" content=\"5 minutos\" \/>\n<script type=\"application\/ld+json\" class=\"yoast-schema-graph\">{\"@context\":\"https:\/\/schema.org\",\"@graph\":[{\"@type\":\"WebPage\",\"@id\":\"https:\/\/ceatso.com\/articulos-campos-poblematicos-vol-vi\/\",\"url\":\"https:\/\/ceatso.com\/articulos-campos-poblematicos-vol-vi\/\",\"name\":\"Art\u00edculos Campos Poblem\u00e1ticos Vol. VI - CEATSO\",\"isPartOf\":{\"@id\":\"https:\/\/ceatso.com\/#website\"},\"primaryImageOfPage\":{\"@id\":\"https:\/\/ceatso.com\/articulos-campos-poblematicos-vol-vi\/#primaryimage\"},\"image\":{\"@id\":\"https:\/\/ceatso.com\/articulos-campos-poblematicos-vol-vi\/#primaryimage\"},\"thumbnailUrl\":\"https:\/\/ceatso.com\/wp-content\/uploads\/2021\/01\/Portadas-Revista-complejidades-1.png\",\"datePublished\":\"2024-04-21T23:08:15+00:00\",\"breadcrumb\":{\"@id\":\"https:\/\/ceatso.com\/articulos-campos-poblematicos-vol-vi\/#breadcrumb\"},\"inLanguage\":\"es\",\"potentialAction\":[{\"@type\":\"ReadAction\",\"target\":[\"https:\/\/ceatso.com\/articulos-campos-poblematicos-vol-vi\/\"]}]},{\"@type\":\"ImageObject\",\"inLanguage\":\"es\",\"@id\":\"https:\/\/ceatso.com\/articulos-campos-poblematicos-vol-vi\/#primaryimage\",\"url\":\"https:\/\/ceatso.com\/wp-content\/uploads\/2021\/01\/Portadas-Revista-complejidades-1.png\",\"contentUrl\":\"https:\/\/ceatso.com\/wp-content\/uploads\/2021\/01\/Portadas-Revista-complejidades-1.png\",\"width\":1240,\"height\":1754},{\"@type\":\"BreadcrumbList\",\"@id\":\"https:\/\/ceatso.com\/articulos-campos-poblematicos-vol-vi\/#breadcrumb\",\"itemListElement\":[{\"@type\":\"ListItem\",\"position\":1,\"name\":\"Portada\",\"item\":\"https:\/\/ceatso.com\/\"},{\"@type\":\"ListItem\",\"position\":2,\"name\":\"Art\u00edculos Campos Poblem\u00e1ticos Vol. VI\"}]},{\"@type\":\"WebSite\",\"@id\":\"https:\/\/ceatso.com\/#website\",\"url\":\"https:\/\/ceatso.com\/\",\"name\":\"CEATSO\",\"description\":\"Corporacion de Estudios Avanzados en Trabajo Social\",\"publisher\":{\"@id\":\"https:\/\/ceatso.com\/#organization\"},\"potentialAction\":[{\"@type\":\"SearchAction\",\"target\":{\"@type\":\"EntryPoint\",\"urlTemplate\":\"https:\/\/ceatso.com\/?s={search_term_string}\"},\"query-input\":{\"@type\":\"PropertyValueSpecification\",\"valueRequired\":true,\"valueName\":\"search_term_string\"}}],\"inLanguage\":\"es\"},{\"@type\":\"Organization\",\"@id\":\"https:\/\/ceatso.com\/#organization\",\"name\":\"Corporaci\u00f3n de Estudios Avanzados En Trabajo Social | CEATSO\",\"url\":\"https:\/\/ceatso.com\/\",\"logo\":{\"@type\":\"ImageObject\",\"inLanguage\":\"es\",\"@id\":\"https:\/\/ceatso.com\/#\/schema\/logo\/image\/\",\"url\":\"https:\/\/ceatso.com\/wp-content\/uploads\/2019\/05\/Logro-Negro.png\",\"contentUrl\":\"https:\/\/ceatso.com\/wp-content\/uploads\/2019\/05\/Logro-Negro.png\",\"width\":569,\"height\":164,\"caption\":\"Corporaci\u00f3n de Estudios Avanzados En Trabajo Social | CEATSO\"},\"image\":{\"@id\":\"https:\/\/ceatso.com\/#\/schema\/logo\/image\/\"}}]}<\/script>\n<!-- \/ Yoast SEO plugin. -->","yoast_head_json":{"title":"Art\u00edculos Campos Poblem\u00e1ticos Vol. VI - CEATSO","robots":{"index":"index","follow":"follow","max-snippet":"max-snippet:-1","max-image-preview":"max-image-preview:large","max-video-preview":"max-video-preview:-1"},"canonical":"https:\/\/ceatso.com\/es\/articulos-campos-poblematicos-vol-vi\/","og_locale":"es_ES","og_type":"article","og_title":"Art\u00edculos Campos Poblem\u00e1ticos Vol. VI - CEATSO","og_url":"https:\/\/ceatso.com\/es\/articulos-campos-poblematicos-vol-vi\/","og_site_name":"CEATSO","og_image":[{"width":1240,"height":1754,"url":"https:\/\/ceatso.com\/wp-content\/uploads\/2021\/01\/Portadas-Revista-complejidades-1.png","type":"image\/png"}],"twitter_card":"summary_large_image","twitter_misc":{"Tiempo de lectura":"5 minutos"},"schema":{"@context":"https:\/\/schema.org","@graph":[{"@type":"WebPage","@id":"https:\/\/ceatso.com\/articulos-campos-poblematicos-vol-vi\/","url":"https:\/\/ceatso.com\/articulos-campos-poblematicos-vol-vi\/","name":"Art\u00edculos Campos Poblem\u00e1ticos Vol. VI - CEATSO","isPartOf":{"@id":"https:\/\/ceatso.com\/#website"},"primaryImageOfPage":{"@id":"https:\/\/ceatso.com\/articulos-campos-poblematicos-vol-vi\/#primaryimage"},"image":{"@id":"https:\/\/ceatso.com\/articulos-campos-poblematicos-vol-vi\/#primaryimage"},"thumbnailUrl":"https:\/\/ceatso.com\/wp-content\/uploads\/2021\/01\/Portadas-Revista-complejidades-1.png","datePublished":"2024-04-21T23:08:15+00:00","breadcrumb":{"@id":"https:\/\/ceatso.com\/articulos-campos-poblematicos-vol-vi\/#breadcrumb"},"inLanguage":"es","potentialAction":[{"@type":"ReadAction","target":["https:\/\/ceatso.com\/articulos-campos-poblematicos-vol-vi\/"]}]},{"@type":"ImageObject","inLanguage":"es","@id":"https:\/\/ceatso.com\/articulos-campos-poblematicos-vol-vi\/#primaryimage","url":"https:\/\/ceatso.com\/wp-content\/uploads\/2021\/01\/Portadas-Revista-complejidades-1.png","contentUrl":"https:\/\/ceatso.com\/wp-content\/uploads\/2021\/01\/Portadas-Revista-complejidades-1.png","width":1240,"height":1754},{"@type":"BreadcrumbList","@id":"https:\/\/ceatso.com\/articulos-campos-poblematicos-vol-vi\/#breadcrumb","itemListElement":[{"@type":"ListItem","position":1,"name":"Portada","item":"https:\/\/ceatso.com\/"},{"@type":"ListItem","position":2,"name":"Art\u00edculos Campos Poblem\u00e1ticos Vol. VI"}]},{"@type":"WebSite","@id":"https:\/\/ceatso.com\/#website","url":"https:\/\/ceatso.com\/","name":"CEATSO","description":"Corporacion de Estudios Avanzados en Trabajo Social","publisher":{"@id":"https:\/\/ceatso.com\/#organization"},"potentialAction":[{"@type":"SearchAction","target":{"@type":"EntryPoint","urlTemplate":"https:\/\/ceatso.com\/?s={search_term_string}"},"query-input":{"@type":"PropertyValueSpecification","valueRequired":true,"valueName":"search_term_string"}}],"inLanguage":"es"},{"@type":"Organization","@id":"https:\/\/ceatso.com\/#organization","name":"Corporaci\u00f3n de Estudios Avanzados En Trabajo Social | CEATSO","url":"https:\/\/ceatso.com\/","logo":{"@type":"ImageObject","inLanguage":"es","@id":"https:\/\/ceatso.com\/#\/schema\/logo\/image\/","url":"https:\/\/ceatso.com\/wp-content\/uploads\/2019\/05\/Logro-Negro.png","contentUrl":"https:\/\/ceatso.com\/wp-content\/uploads\/2019\/05\/Logro-Negro.png","width":569,"height":164,"caption":"Corporaci\u00f3n de Estudios Avanzados En Trabajo Social | CEATSO"},"image":{"@id":"https:\/\/ceatso.com\/#\/schema\/logo\/image\/"}}]}},"_links":{"self":[{"href":"https:\/\/ceatso.com\/es\/wp-json\/wp\/v2\/pages\/16150","targetHints":{"allow":["GET"]}}],"collection":[{"href":"https:\/\/ceatso.com\/es\/wp-json\/wp\/v2\/pages"}],"about":[{"href":"https:\/\/ceatso.com\/es\/wp-json\/wp\/v2\/types\/page"}],"author":[{"embeddable":true,"href":"https:\/\/ceatso.com\/es\/wp-json\/wp\/v2\/users\/1"}],"replies":[{"embeddable":true,"href":"https:\/\/ceatso.com\/es\/wp-json\/wp\/v2\/comments?post=16150"}],"version-history":[{"count":3,"href":"https:\/\/ceatso.com\/es\/wp-json\/wp\/v2\/pages\/16150\/revisions"}],"predecessor-version":[{"id":16161,"href":"https:\/\/ceatso.com\/es\/wp-json\/wp\/v2\/pages\/16150\/revisions\/16161"}],"wp:featuredmedia":[{"embeddable":true,"href":"https:\/\/ceatso.com\/es\/wp-json\/wp\/v2\/media\/14418"}],"wp:attachment":[{"href":"https:\/\/ceatso.com\/es\/wp-json\/wp\/v2\/media?parent=16150"}],"curies":[{"name":"wp","href":"https:\/\/api.w.org\/{rel}","templated":true}]}}