{"id":16162,"date":"2024-04-22T01:45:34","date_gmt":"2024-04-22T01:45:34","guid":{"rendered":"https:\/\/ceatso.com\/?page_id=16162"},"modified":"2024-04-22T01:45:34","modified_gmt":"2024-04-22T01:45:34","slug":"articulos-campos-poblematicos-vol-vii","status":"publish","type":"page","link":"https:\/\/ceatso.com\/es\/articulos-campos-poblematicos-vol-vii\/","title":{"rendered":"Art\u00edculos Campos Poblem\u00e1ticos Vol. VII"},"content":{"rendered":"<div data-vc-full-width=\"true\" data-vc-full-width-init=\"false\" data-vc-stretch-content=\"true\" class=\"vc_row wpb_row vc_row-fluid vc_custom_1557090062723 vc_row-has-fill vc_row-no-padding\"><div class=\"wpb_column vc_column_container vc_col-sm-12\"><div class=\"vc_column-inner\"><div class=\"wpb_wrapper\"><div class=\"vc_empty_space\"   style=\"height: 60px\"><span class=\"vc_empty_space_inner\"><\/span><\/div><div class=\"vc_empty_space\"   style=\"height: 60px\"><span class=\"vc_empty_space_inner\"><\/span><\/div>\n\t<div class=\"wpb_text_column wpb_content_element  vc_custom_1713749485172\" >\n\t\t<div class=\"wpb_wrapper\">\n\t\t\t<h1 style=\"text-align: center;\"><span style=\"color: #ffffff;\">Volumen VII, A\u00f1o 2023, Semestre II<\/span><\/h1>\n<h2 style=\"text-align: center;\"><span style=\"color: #ffffff;\">Revista Electr\u00f3nica de Trabajo Social:<\/span><br \/>\n<span style=\"color: #ffffff;\">\u201cCampos Problem\u00e1ticos en el Trabajo Social Latinoamericano\u201d<\/span><\/h2>\n<h2 style=\"text-align: center;\"><span style=\"color: #ffffff;\"> ISSN 2735-6019<\/span><\/h2>\n\n\t\t<\/div>\n\t<\/div>\n<div class=\"vc_empty_space\"   style=\"height: 60px\"><span class=\"vc_empty_space_inner\"><\/span><\/div><\/div><\/div><\/div><\/div><div class=\"vc_row-full-width vc_clearfix\"><\/div><div class=\"vc_row wpb_row vc_row-fluid\"><div class=\"wpb_column vc_column_container vc_col-sm-12\"><div class=\"vc_column-inner\"><div class=\"wpb_wrapper\"><div class=\"vc_row wpb_row vc_inner vc_row-fluid\"><div class=\"wpb_column vc_column_container vc_col-sm-4\"><div class=\"vc_column-inner\"><div class=\"wpb_wrapper\">\n\t<div class=\"wpb_text_column wpb_content_element  vc_custom_1713749569041\" >\n\t\t<div class=\"wpb_wrapper\">\n\t\t\t<h4><span style=\"color: #753e75;\"><a style=\"color: #753e75;\" href=\"https:\/\/ceatso.com\/wp-content\/uploads\/2024\/04\/Revista-Campos-Problematicos-VII-Completa_web-8-52.pdf\" target=\"_blank\" rel=\"noopener\">Participaci\u00f3n Social: Significados en torno a la participaci\u00f3n en familias pertenecientes al programa de seguridad p\u00fablica \u201cSomos Barrio\u201d de la comuna de Rancagua, Chile<\/a><\/span><\/h4>\n\n\t\t<\/div>\n\t<\/div>\n<div class=\"vc_empty_space\"   style=\"height: 22px\"><span class=\"vc_empty_space_inner\"><\/span><\/div>\n\t<div class=\"wpb_text_column wpb_content_element  vc_custom_1713749591789\" >\n\t\t<div class=\"wpb_wrapper\">\n\t\t\t<p><strong><span style=\"color: #ff7d4f;\">Autoras<\/span><\/strong><br \/>\nPaz Pereira Moya y Constanza V\u00e1squez D\u00edaz<\/p>\n\n\t\t<\/div>\n\t<\/div>\n<div class=\"vc_separator wpb_content_element vc_separator_align_center vc_sep_width_100 vc_sep_pos_align_center vc_separator_no_text vc_sep_color_grey\" ><span class=\"vc_sep_holder vc_sep_holder_l\"><span  class=\"vc_sep_line\"><\/span><\/span><span class=\"vc_sep_holder vc_sep_holder_r\"><span  class=\"vc_sep_line\"><\/span><\/span>\n<\/div><\/div><\/div><\/div><div class=\"wpb_column vc_column_container vc_col-sm-4\"><div class=\"vc_column-inner\"><div class=\"wpb_wrapper\">\n\t<div class=\"wpb_text_column wpb_content_element  vc_custom_1713749701384\" >\n\t\t<div class=\"wpb_wrapper\">\n\t\t\t<h4><span style=\"color: #753e75;\"><a style=\"color: #753e75;\" href=\"https:\/\/ceatso.com\/wp-content\/uploads\/2024\/04\/Revista-Campos-Problematicos-VII-Completa_web-53-70.pdf\" target=\"_blank\" rel=\"noopener\">Ruedas comunitarias de salud mental para fortalecer el proceso de aprendizaje y convivencia<\/a><\/span><\/h4>\n\n\t\t<\/div>\n\t<\/div>\n<div class=\"vc_empty_space\"   style=\"height: 20px\"><span class=\"vc_empty_space_inner\"><\/span><\/div>\n\t<div class=\"wpb_text_column wpb_content_element  vc_custom_1713749724980\" >\n\t\t<div class=\"wpb_wrapper\">\n\t\t\t<p><strong><span style=\"color: #ff7d4f;\">Autores<\/span><\/strong><br \/>\nErika Marcela Moreno Rodr\u00edguez y Luis Fernando Muis\u00edn Salazar<\/p>\n\n\t\t<\/div>\n\t<\/div>\n<div class=\"vc_separator wpb_content_element vc_separator_align_center vc_sep_width_100 vc_sep_pos_align_center vc_separator_no_text vc_sep_color_grey\" ><span class=\"vc_sep_holder vc_sep_holder_l\"><span  class=\"vc_sep_line\"><\/span><\/span><span class=\"vc_sep_holder vc_sep_holder_r\"><span  class=\"vc_sep_line\"><\/span><\/span>\n<\/div><\/div><\/div><\/div><div class=\"wpb_column vc_column_container vc_col-sm-4\"><div class=\"vc_column-inner\"><div class=\"wpb_wrapper\">\n\t<div class=\"wpb_text_column wpb_content_element  vc_custom_1713749812182\" >\n\t\t<div class=\"wpb_wrapper\">\n\t\t\t<h4><span style=\"color: #753e75;\"><a style=\"color: #753e75;\" href=\"https:\/\/ceatso.com\/wp-content\/uploads\/2024\/04\/Revista-Campos-Problematicos-VII-Completa_web-71-81.pdf\" target=\"_blank\" rel=\"noopener\">Fortaleciendo el pensamiento cr\u00edtico a trav\u00e9s de la lectura, con estudiantes de Trabajo Social<\/a><\/span><\/h4>\n\n\t\t<\/div>\n\t<\/div>\n<div class=\"vc_empty_space\"   style=\"height: 22px\"><span class=\"vc_empty_space_inner\"><\/span><\/div>\n\t<div class=\"wpb_text_column wpb_content_element  vc_custom_1713749827470\" >\n\t\t<div class=\"wpb_wrapper\">\n\t\t\t<p><strong><span style=\"color: #ff7d4f;\">Autoras<\/span><\/strong><br \/>\nAna Mar\u00eda Rodr\u00edguez Tavera, Nury Vanessa Rivera Correcha y Marisol Mart\u00ednez Suarez<\/p>\n\n\t\t<\/div>\n\t<\/div>\n<div class=\"vc_separator wpb_content_element vc_separator_align_center vc_sep_width_100 vc_sep_pos_align_center vc_separator_no_text vc_sep_color_grey\" ><span class=\"vc_sep_holder vc_sep_holder_l\"><span  class=\"vc_sep_line\"><\/span><\/span><span class=\"vc_sep_holder vc_sep_holder_r\"><span  class=\"vc_sep_line\"><\/span><\/span>\n<\/div><\/div><\/div><\/div><\/div><div class=\"vc_row wpb_row vc_inner vc_row-fluid\"><div class=\"wpb_column vc_column_container vc_col-sm-4\"><div class=\"vc_column-inner\"><div class=\"wpb_wrapper\">\n\t<div class=\"wpb_text_column wpb_content_element  vc_custom_1713749883601\" >\n\t\t<div class=\"wpb_wrapper\">\n\t\t\t<h4><span style=\"color: #753e75;\"><a style=\"color: #753e75;\" href=\"https:\/\/ceatso.com\/wp-content\/uploads\/2024\/04\/Revista-Campos-Problematicos-VII-Completa_web-82-88.pdf\" target=\"_blank\" rel=\"noopener\">Factores que inciden en la baja participaci\u00f3n comunitaria de las juntas de acci\u00f3n comunal en Colombia<\/a><\/span><\/h4>\n\n\t\t<\/div>\n\t<\/div>\n\n\t<div class=\"wpb_text_column wpb_content_element  vc_custom_1713749924061\" >\n\t\t<div class=\"wpb_wrapper\">\n\t\t\t<p><strong><span style=\"color: #ff7d4f;\">Autores<\/span><\/strong><br \/>\nYesica Carolina Pe\u00f1\u00f3n Leal, Adriana Luc\u00eda Rodr\u00edguez Rodr\u00edguez, Rodolfo Osuna Guzm\u00e1n y Marisol Mart\u00ednez Su\u00e1rez<\/p>\n\n\t\t<\/div>\n\t<\/div>\n<div class=\"vc_separator wpb_content_element vc_separator_align_center vc_sep_width_100 vc_sep_pos_align_center vc_separator_no_text vc_sep_color_grey\" ><span class=\"vc_sep_holder vc_sep_holder_l\"><span  class=\"vc_sep_line\"><\/span><\/span><span class=\"vc_sep_holder vc_sep_holder_r\"><span  class=\"vc_sep_line\"><\/span><\/span>\n<\/div><\/div><\/div><\/div><div class=\"wpb_column vc_column_container vc_col-sm-4\"><div class=\"vc_column-inner\"><div class=\"wpb_wrapper\">\n\t<div class=\"wpb_text_column wpb_content_element  vc_custom_1713750026496\" >\n\t\t<div class=\"wpb_wrapper\">\n\t\t\t<h4><span style=\"color: #753e75;\"><a style=\"color: #753e75;\" href=\"https:\/\/ceatso.com\/wp-content\/uploads\/2024\/04\/Revista-Campos-Problematicos-VII-Completa_web-89-102.pdf\" target=\"_blank\" rel=\"noopener\">IDACO: Modelo de acci\u00f3n comunal, gerencia social y participaci\u00f3n ciudadana, referente para los entes territoriales en Colombia<\/a><\/span><\/h4>\n\n\t\t<\/div>\n\t<\/div>\n\n\t<div class=\"wpb_text_column wpb_content_element  vc_custom_1713750050493\" >\n\t\t<div class=\"wpb_wrapper\">\n\t\t\t<p><strong><span style=\"color: #ff7d4f;\">Autores<\/span><\/strong><br \/>\nJulieth Andrea Bernal Robles y Jorge Alberto Oliveros G\u00f3ngora<\/p>\n\n\t\t<\/div>\n\t<\/div>\n<div class=\"vc_separator wpb_content_element vc_separator_align_center vc_sep_width_100 vc_sep_pos_align_center vc_separator_no_text vc_sep_color_grey\" ><span class=\"vc_sep_holder vc_sep_holder_l\"><span  class=\"vc_sep_line\"><\/span><\/span><span class=\"vc_sep_holder vc_sep_holder_r\"><span  class=\"vc_sep_line\"><\/span><\/span>\n<\/div><\/div><\/div><\/div><div class=\"wpb_column vc_column_container vc_col-sm-4\"><div class=\"vc_column-inner\"><div class=\"wpb_wrapper\">\n\t<div class=\"wpb_text_column wpb_content_element  vc_custom_1713750113592\" >\n\t\t<div class=\"wpb_wrapper\">\n\t\t\t<h4><span style=\"color: #753e75;\"><a style=\"color: #753e75;\" href=\"https:\/\/ceatso.com\/wp-content\/uploads\/2024\/04\/Revista-Campos-Problematicos-VII-Completa_web-103-114.pdf\" target=\"_blank\" rel=\"noopener\">Percepci\u00f3n de seguridad vial y peatonal de la ciudad de barranquilla desde un enfoque diferencial<\/a><\/span><\/h4>\n\n\t\t<\/div>\n\t<\/div>\n<div class=\"vc_empty_space\"   style=\"height: 22px\"><span class=\"vc_empty_space_inner\"><\/span><\/div>\n\t<div class=\"wpb_text_column wpb_content_element  vc_custom_1713750134311\" >\n\t\t<div class=\"wpb_wrapper\">\n\t\t\t<p><strong><span style=\"color: #ff7d4f;\">Autoras<\/span><\/strong><br \/>\nCandelaria Osorio-Correa y Marlys Fontalvo-R\u00faa<\/p>\n\n\t\t<\/div>\n\t<\/div>\n<div class=\"vc_separator wpb_content_element vc_separator_align_center vc_sep_width_100 vc_sep_pos_align_center vc_separator_no_text vc_sep_color_grey\" ><span class=\"vc_sep_holder vc_sep_holder_l\"><span  class=\"vc_sep_line\"><\/span><\/span><span class=\"vc_sep_holder vc_sep_holder_r\"><span  class=\"vc_sep_line\"><\/span><\/span>\n<\/div><\/div><\/div><\/div><\/div><div class=\"vc_row wpb_row vc_inner vc_row-fluid\"><div class=\"wpb_column vc_column_container vc_col-sm-4\"><div class=\"vc_column-inner\"><div class=\"wpb_wrapper\">\n\t<div class=\"wpb_text_column wpb_content_element  vc_custom_1713750209038\" >\n\t\t<div class=\"wpb_wrapper\">\n\t\t\t<h4><span style=\"color: #753e75;\"><a style=\"color: #753e75;\" href=\"https:\/\/ceatso.com\/wp-content\/uploads\/2024\/04\/Revista-Campos-Problematicos-VII-Completa_web-115-127.pdf\" target=\"_blank\" rel=\"noopener\">Aplicaci\u00f3n de la ruta de atenci\u00f3n de violencia a la mujer y g\u00e9nero en el municipio de Tocaima, Cundinamarca: una aproximaci\u00f3n desde la Gerencia Social<\/a><\/span><\/h4>\n\n\t\t<\/div>\n\t<\/div>\n\n\t<div class=\"wpb_text_column wpb_content_element  vc_custom_1713750227364\" >\n\t\t<div class=\"wpb_wrapper\">\n\t\t\t<p><strong><span style=\"color: #ff7d4f;\">Autoras<\/span><\/strong><br \/>\nKaren Daniela Mart\u00ednez Ospina y Jully Steffanny S\u00e1enz Bucur\u00fa<\/p>\n\n\t\t<\/div>\n\t<\/div>\n<div class=\"vc_separator wpb_content_element vc_separator_align_center vc_sep_width_100 vc_sep_pos_align_center vc_separator_no_text vc_sep_color_grey\" ><span class=\"vc_sep_holder vc_sep_holder_l\"><span  class=\"vc_sep_line\"><\/span><\/span><span class=\"vc_sep_holder vc_sep_holder_r\"><span  class=\"vc_sep_line\"><\/span><\/span>\n<\/div><\/div><\/div><\/div><div class=\"wpb_column vc_column_container vc_col-sm-4\"><div class=\"vc_column-inner\"><div class=\"wpb_wrapper\"><\/div><\/div><\/div><div class=\"wpb_column vc_column_container vc_col-sm-4\"><div class=\"vc_column-inner\"><div class=\"wpb_wrapper\"><\/div><\/div><\/div><\/div><\/div><\/div><\/div><\/div>","protected":false},"excerpt":{"rendered":"Volumen VII, A\u00f1o 2023, Semestre II Revista Electr\u00f3nica de Trabajo Social: \u201cCampos Problem\u00e1ticos en el Trabajo Social Latinoamericano\u201d ISSN 2735-6019 Participaci\u00f3n Social: Significados en torno a la participaci\u00f3n en familias pertenecientes al programa de seguridad p\u00fablica \u201cSomos Barrio\u201d de la &hellip;","protected":false},"author":1,"featured_media":14418,"parent":0,"menu_order":0,"comment_status":"closed","ping_status":"closed","template":"page-templates\/homepage.php","meta":{"_bbp_topic_count":0,"_bbp_reply_count":0,"_bbp_total_topic_count":0,"_bbp_total_reply_count":0,"_bbp_voice_count":0,"_bbp_anonymous_reply_count":0,"_bbp_topic_count_hidden":0,"_bbp_reply_count_hidden":0,"_bbp_forum_subforum_count":0,"pmpro_default_level":"","footnotes":""},"class_list":["post-16162","page","type-page","status-publish","has-post-thumbnail","hentry","pmpro-has-access"],"yoast_head":"<!-- This site is optimized with the Yoast SEO plugin v25.3 - https:\/\/yoast.com\/wordpress\/plugins\/seo\/ -->\n<title>Art\u00edculos Campos Poblem\u00e1ticos Vol. VII - CEATSO<\/title>\n<meta name=\"robots\" content=\"index, follow, max-snippet:-1, max-image-preview:large, max-video-preview:-1\" \/>\n<link rel=\"canonical\" href=\"https:\/\/ceatso.com\/es\/articulos-campos-poblematicos-vol-vii\/\" \/>\n<meta property=\"og:locale\" content=\"es_ES\" \/>\n<meta property=\"og:type\" content=\"article\" \/>\n<meta property=\"og:title\" content=\"Art\u00edculos Campos Poblem\u00e1ticos Vol. VII - CEATSO\" \/>\n<meta property=\"og:url\" content=\"https:\/\/ceatso.com\/es\/articulos-campos-poblematicos-vol-vii\/\" \/>\n<meta property=\"og:site_name\" content=\"CEATSO\" \/>\n<meta property=\"og:image\" content=\"https:\/\/ceatso.com\/wp-content\/uploads\/2021\/01\/Portadas-Revista-complejidades-1.png\" \/>\n\t<meta property=\"og:image:width\" content=\"1240\" \/>\n\t<meta property=\"og:image:height\" content=\"1754\" \/>\n\t<meta property=\"og:image:type\" content=\"image\/png\" \/>\n<meta name=\"twitter:card\" content=\"summary_large_image\" \/>\n<meta name=\"twitter:label1\" content=\"Tiempo de lectura\" \/>\n\t<meta name=\"twitter:data1\" content=\"4 minutos\" \/>\n<script type=\"application\/ld+json\" class=\"yoast-schema-graph\">{\"@context\":\"https:\/\/schema.org\",\"@graph\":[{\"@type\":\"WebPage\",\"@id\":\"https:\/\/ceatso.com\/articulos-campos-poblematicos-vol-vii\/\",\"url\":\"https:\/\/ceatso.com\/articulos-campos-poblematicos-vol-vii\/\",\"name\":\"Art\u00edculos Campos Poblem\u00e1ticos Vol. VII - CEATSO\",\"isPartOf\":{\"@id\":\"https:\/\/ceatso.com\/#website\"},\"primaryImageOfPage\":{\"@id\":\"https:\/\/ceatso.com\/articulos-campos-poblematicos-vol-vii\/#primaryimage\"},\"image\":{\"@id\":\"https:\/\/ceatso.com\/articulos-campos-poblematicos-vol-vii\/#primaryimage\"},\"thumbnailUrl\":\"https:\/\/ceatso.com\/wp-content\/uploads\/2021\/01\/Portadas-Revista-complejidades-1.png\",\"datePublished\":\"2024-04-22T01:45:34+00:00\",\"breadcrumb\":{\"@id\":\"https:\/\/ceatso.com\/articulos-campos-poblematicos-vol-vii\/#breadcrumb\"},\"inLanguage\":\"es\",\"potentialAction\":[{\"@type\":\"ReadAction\",\"target\":[\"https:\/\/ceatso.com\/articulos-campos-poblematicos-vol-vii\/\"]}]},{\"@type\":\"ImageObject\",\"inLanguage\":\"es\",\"@id\":\"https:\/\/ceatso.com\/articulos-campos-poblematicos-vol-vii\/#primaryimage\",\"url\":\"https:\/\/ceatso.com\/wp-content\/uploads\/2021\/01\/Portadas-Revista-complejidades-1.png\",\"contentUrl\":\"https:\/\/ceatso.com\/wp-content\/uploads\/2021\/01\/Portadas-Revista-complejidades-1.png\",\"width\":1240,\"height\":1754},{\"@type\":\"BreadcrumbList\",\"@id\":\"https:\/\/ceatso.com\/articulos-campos-poblematicos-vol-vii\/#breadcrumb\",\"itemListElement\":[{\"@type\":\"ListItem\",\"position\":1,\"name\":\"Portada\",\"item\":\"https:\/\/ceatso.com\/\"},{\"@type\":\"ListItem\",\"position\":2,\"name\":\"Art\u00edculos Campos Poblem\u00e1ticos Vol. VII\"}]},{\"@type\":\"WebSite\",\"@id\":\"https:\/\/ceatso.com\/#website\",\"url\":\"https:\/\/ceatso.com\/\",\"name\":\"CEATSO\",\"description\":\"Corporacion de Estudios Avanzados en Trabajo Social\",\"publisher\":{\"@id\":\"https:\/\/ceatso.com\/#organization\"},\"potentialAction\":[{\"@type\":\"SearchAction\",\"target\":{\"@type\":\"EntryPoint\",\"urlTemplate\":\"https:\/\/ceatso.com\/?s={search_term_string}\"},\"query-input\":{\"@type\":\"PropertyValueSpecification\",\"valueRequired\":true,\"valueName\":\"search_term_string\"}}],\"inLanguage\":\"es\"},{\"@type\":\"Organization\",\"@id\":\"https:\/\/ceatso.com\/#organization\",\"name\":\"Corporaci\u00f3n de Estudios Avanzados En Trabajo Social | CEATSO\",\"url\":\"https:\/\/ceatso.com\/\",\"logo\":{\"@type\":\"ImageObject\",\"inLanguage\":\"es\",\"@id\":\"https:\/\/ceatso.com\/#\/schema\/logo\/image\/\",\"url\":\"https:\/\/ceatso.com\/wp-content\/uploads\/2019\/05\/Logro-Negro.png\",\"contentUrl\":\"https:\/\/ceatso.com\/wp-content\/uploads\/2019\/05\/Logro-Negro.png\",\"width\":569,\"height\":164,\"caption\":\"Corporaci\u00f3n de Estudios Avanzados En Trabajo Social | CEATSO\"},\"image\":{\"@id\":\"https:\/\/ceatso.com\/#\/schema\/logo\/image\/\"}}]}<\/script>\n<!-- \/ Yoast SEO plugin. -->","yoast_head_json":{"title":"Art\u00edculos Campos Poblem\u00e1ticos Vol. VII - CEATSO","robots":{"index":"index","follow":"follow","max-snippet":"max-snippet:-1","max-image-preview":"max-image-preview:large","max-video-preview":"max-video-preview:-1"},"canonical":"https:\/\/ceatso.com\/es\/articulos-campos-poblematicos-vol-vii\/","og_locale":"es_ES","og_type":"article","og_title":"Art\u00edculos Campos Poblem\u00e1ticos Vol. VII - CEATSO","og_url":"https:\/\/ceatso.com\/es\/articulos-campos-poblematicos-vol-vii\/","og_site_name":"CEATSO","og_image":[{"width":1240,"height":1754,"url":"https:\/\/ceatso.com\/wp-content\/uploads\/2021\/01\/Portadas-Revista-complejidades-1.png","type":"image\/png"}],"twitter_card":"summary_large_image","twitter_misc":{"Tiempo de lectura":"4 minutos"},"schema":{"@context":"https:\/\/schema.org","@graph":[{"@type":"WebPage","@id":"https:\/\/ceatso.com\/articulos-campos-poblematicos-vol-vii\/","url":"https:\/\/ceatso.com\/articulos-campos-poblematicos-vol-vii\/","name":"Art\u00edculos Campos Poblem\u00e1ticos Vol. VII - CEATSO","isPartOf":{"@id":"https:\/\/ceatso.com\/#website"},"primaryImageOfPage":{"@id":"https:\/\/ceatso.com\/articulos-campos-poblematicos-vol-vii\/#primaryimage"},"image":{"@id":"https:\/\/ceatso.com\/articulos-campos-poblematicos-vol-vii\/#primaryimage"},"thumbnailUrl":"https:\/\/ceatso.com\/wp-content\/uploads\/2021\/01\/Portadas-Revista-complejidades-1.png","datePublished":"2024-04-22T01:45:34+00:00","breadcrumb":{"@id":"https:\/\/ceatso.com\/articulos-campos-poblematicos-vol-vii\/#breadcrumb"},"inLanguage":"es","potentialAction":[{"@type":"ReadAction","target":["https:\/\/ceatso.com\/articulos-campos-poblematicos-vol-vii\/"]}]},{"@type":"ImageObject","inLanguage":"es","@id":"https:\/\/ceatso.com\/articulos-campos-poblematicos-vol-vii\/#primaryimage","url":"https:\/\/ceatso.com\/wp-content\/uploads\/2021\/01\/Portadas-Revista-complejidades-1.png","contentUrl":"https:\/\/ceatso.com\/wp-content\/uploads\/2021\/01\/Portadas-Revista-complejidades-1.png","width":1240,"height":1754},{"@type":"BreadcrumbList","@id":"https:\/\/ceatso.com\/articulos-campos-poblematicos-vol-vii\/#breadcrumb","itemListElement":[{"@type":"ListItem","position":1,"name":"Portada","item":"https:\/\/ceatso.com\/"},{"@type":"ListItem","position":2,"name":"Art\u00edculos Campos Poblem\u00e1ticos Vol. VII"}]},{"@type":"WebSite","@id":"https:\/\/ceatso.com\/#website","url":"https:\/\/ceatso.com\/","name":"CEATSO","description":"Corporacion de Estudios Avanzados en Trabajo Social","publisher":{"@id":"https:\/\/ceatso.com\/#organization"},"potentialAction":[{"@type":"SearchAction","target":{"@type":"EntryPoint","urlTemplate":"https:\/\/ceatso.com\/?s={search_term_string}"},"query-input":{"@type":"PropertyValueSpecification","valueRequired":true,"valueName":"search_term_string"}}],"inLanguage":"es"},{"@type":"Organization","@id":"https:\/\/ceatso.com\/#organization","name":"Corporaci\u00f3n de Estudios Avanzados En Trabajo Social | CEATSO","url":"https:\/\/ceatso.com\/","logo":{"@type":"ImageObject","inLanguage":"es","@id":"https:\/\/ceatso.com\/#\/schema\/logo\/image\/","url":"https:\/\/ceatso.com\/wp-content\/uploads\/2019\/05\/Logro-Negro.png","contentUrl":"https:\/\/ceatso.com\/wp-content\/uploads\/2019\/05\/Logro-Negro.png","width":569,"height":164,"caption":"Corporaci\u00f3n de Estudios Avanzados En Trabajo Social | CEATSO"},"image":{"@id":"https:\/\/ceatso.com\/#\/schema\/logo\/image\/"}}]}},"_links":{"self":[{"href":"https:\/\/ceatso.com\/es\/wp-json\/wp\/v2\/pages\/16162","targetHints":{"allow":["GET"]}}],"collection":[{"href":"https:\/\/ceatso.com\/es\/wp-json\/wp\/v2\/pages"}],"about":[{"href":"https:\/\/ceatso.com\/es\/wp-json\/wp\/v2\/types\/page"}],"author":[{"embeddable":true,"href":"https:\/\/ceatso.com\/es\/wp-json\/wp\/v2\/users\/1"}],"replies":[{"embeddable":true,"href":"https:\/\/ceatso.com\/es\/wp-json\/wp\/v2\/comments?post=16162"}],"version-history":[{"count":5,"href":"https:\/\/ceatso.com\/es\/wp-json\/wp\/v2\/pages\/16162\/revisions"}],"predecessor-version":[{"id":16174,"href":"https:\/\/ceatso.com\/es\/wp-json\/wp\/v2\/pages\/16162\/revisions\/16174"}],"wp:featuredmedia":[{"embeddable":true,"href":"https:\/\/ceatso.com\/es\/wp-json\/wp\/v2\/media\/14418"}],"wp:attachment":[{"href":"https:\/\/ceatso.com\/es\/wp-json\/wp\/v2\/media?parent=16162"}],"curies":[{"name":"wp","href":"https:\/\/api.w.org\/{rel}","templated":true}]}}