{"id":16343,"date":"2024-12-06T00:09:52","date_gmt":"2024-12-06T00:09:52","guid":{"rendered":"https:\/\/ceatso.com\/?page_id=16343"},"modified":"2025-03-06T01:17:42","modified_gmt":"2025-03-06T01:17:42","slug":"articulos-campos-poblematicos-vol-ix","status":"publish","type":"page","link":"https:\/\/ceatso.com\/es\/articulos-campos-poblematicos-vol-ix\/","title":{"rendered":"Art\u00edculos Campos Poblem\u00e1ticos Vol. IX"},"content":{"rendered":"<div data-vc-full-width=\"true\" data-vc-full-width-init=\"false\" data-vc-stretch-content=\"true\" class=\"vc_row wpb_row vc_row-fluid vc_custom_1557090062723 vc_row-has-fill vc_row-no-padding\"><div class=\"wpb_column vc_column_container vc_col-sm-12\"><div class=\"vc_column-inner\"><div class=\"wpb_wrapper\"><div class=\"vc_empty_space\"   style=\"height: 60px\"><span class=\"vc_empty_space_inner\"><\/span><\/div><div class=\"vc_empty_space\"   style=\"height: 60px\"><span class=\"vc_empty_space_inner\"><\/span><\/div>\n\t<div class=\"wpb_text_column wpb_content_element  vc_custom_1733442338080\" >\n\t\t<div class=\"wpb_wrapper\">\n\t\t\t<h1 style=\"text-align: center;\"><span style=\"color: #ffffff;\">Volumen IX, A\u00f1o 2024, Semestre II<\/span><\/h1>\n<h2 style=\"text-align: center;\"><span style=\"color: #ffffff;\">Revista Electr\u00f3nica de Trabajo Social:<\/span><br \/>\n<span style=\"color: #ffffff;\">\u201cCampos Problem\u00e1ticos en el Trabajo Social Latinoamericano\u201d<\/span><\/h2>\n<h2 style=\"text-align: center;\"><span style=\"color: #ffffff;\">ISSN 2735-6019<\/span><\/h2>\n\n\t\t<\/div>\n\t<\/div>\n<div class=\"vc_empty_space\"   style=\"height: 60px\"><span class=\"vc_empty_space_inner\"><\/span><\/div><\/div><\/div><\/div><\/div><div class=\"vc_row-full-width vc_clearfix\"><\/div><div class=\"vc_row wpb_row vc_row-fluid\"><div class=\"wpb_column vc_column_container vc_col-sm-12\"><div class=\"vc_column-inner\"><div class=\"wpb_wrapper\"><div class=\"vc_row wpb_row vc_inner vc_row-fluid\"><div class=\"wpb_column vc_column_container vc_col-sm-4\"><div class=\"vc_column-inner\"><div class=\"wpb_wrapper\">\n\t<div class=\"wpb_text_column wpb_content_element  vc_custom_1741223225989\" >\n\t\t<div class=\"wpb_wrapper\">\n\t\t\t<h4><span style=\"color: #753e75;\"><a style=\"color: #753e75;\" href=\"https:\/\/ceatso.com\/wp-content\/uploads\/2025\/03\/Revista-Campos-Problematicos-XI_Corregida-7-20.pdf\" target=\"_blank\" rel=\"noopener\">Adaptaci\u00f3n Social: Realidad de los universitarios for\u00e1neos provenientes de San Pablo, Cajamarca<\/a><\/span><\/h4>\n\n\t\t<\/div>\n\t<\/div>\n\n\t<div class=\"wpb_text_column wpb_content_element  vc_custom_1741223297477\" >\n\t\t<div class=\"wpb_wrapper\">\n\t\t\t<p><strong><span style=\"color: #ff7d4f;\">Autoras<\/span><\/strong><br \/>\n<span style=\"font-size: 11.0pt;\">Milagros Gianella Palomino Rojas, Clara Elizabeth Guzm\u00e1n Flores, Katherine Lisbeth Medina Villacorta y Yudixsa Maribel Reyes Aguilar<\/span><\/p>\n\n\t\t<\/div>\n\t<\/div>\n<div class=\"vc_separator wpb_content_element vc_separator_align_center vc_sep_width_100 vc_sep_pos_align_center vc_separator_no_text vc_sep_color_grey\" ><span class=\"vc_sep_holder vc_sep_holder_l\"><span  class=\"vc_sep_line\"><\/span><\/span><span class=\"vc_sep_holder vc_sep_holder_r\"><span  class=\"vc_sep_line\"><\/span><\/span>\n<\/div><\/div><\/div><\/div><div class=\"wpb_column vc_column_container vc_col-sm-4\"><div class=\"vc_column-inner\"><div class=\"wpb_wrapper\">\n\t<div class=\"wpb_text_column wpb_content_element  vc_custom_1741223362644\" >\n\t\t<div class=\"wpb_wrapper\">\n\t\t\t<h4><span style=\"color: #753e75;\"><a style=\"color: #753e75;\" href=\"https:\/\/ceatso.com\/wp-content\/uploads\/2025\/03\/Revista-Campos-Problematicos-XI_Corregida-21-30.pdf\" target=\"_blank\" rel=\"noopener\">Apoyo familiar: Un factor fundamental para el adulto mayor de El Porvenir<\/a><\/span><\/h4>\n\n\t\t<\/div>\n\t<\/div>\n\n\t<div class=\"wpb_text_column wpb_content_element  vc_custom_1741223390148\" >\n\t\t<div class=\"wpb_wrapper\">\n\t\t\t<p><strong><span style=\"color: #ff7d4f;\">Autores<\/span><\/strong><br \/>\n<span style=\"font-size: 11.0pt;\">Nicolk Angee Mendoza S\u00e1nchez, Yamile Hibeth Jacobo Toribio, Ingrid Esteffani Mu\u00f1oz Coronel y Carlos Bryan Quipas Arenas<\/span><\/p>\n\n\t\t<\/div>\n\t<\/div>\n<div class=\"vc_separator wpb_content_element vc_separator_align_center vc_sep_width_100 vc_sep_pos_align_center vc_separator_no_text vc_sep_color_grey\" ><span class=\"vc_sep_holder vc_sep_holder_l\"><span  class=\"vc_sep_line\"><\/span><\/span><span class=\"vc_sep_holder vc_sep_holder_r\"><span  class=\"vc_sep_line\"><\/span><\/span>\n<\/div><\/div><\/div><\/div><div class=\"wpb_column vc_column_container vc_col-sm-4\"><div class=\"vc_column-inner\"><div class=\"wpb_wrapper\">\n\t<div class=\"wpb_text_column wpb_content_element  vc_custom_1741223439967\" >\n\t\t<div class=\"wpb_wrapper\">\n\t\t\t<h4><span style=\"color: #753e75;\"><a style=\"color: #753e75;\" href=\"https:\/\/ceatso.com\/wp-content\/uploads\/2025\/03\/Revista-Campos-Problematicos-XI_Corregida-31-42.pdf\" target=\"_blank\" rel=\"noopener\"><span style=\"font-size: 11pt;\">Trabajadoras del hogar de Trujillo &#8211; Per\u00fa: \u00bfValoradas o desvalorizadas? Una mirada desde el Trabajo Social<\/span><\/a><\/span><\/h4>\n\n\t\t<\/div>\n\t<\/div>\n\n\t<div class=\"wpb_text_column wpb_content_element  vc_custom_1741223470429\" >\n\t\t<div class=\"wpb_wrapper\">\n\t\t\t<p><strong><span style=\"color: #ff7d4f;\">Autoras<\/span><\/strong><br \/>\n<span style=\"font-size: 11.0pt;\">Candy Oriana Castillo Requejo, Stephanie Raquel Gutierrez Lujan, Dayanna Stefan Rodr\u00edguez Plasencia, Ericka Lisset Sare Cruz y Yoya Betzab\u00e9 Flores P\u00e9rez<\/span><\/p>\n\n\t\t<\/div>\n\t<\/div>\n<div class=\"vc_separator wpb_content_element vc_separator_align_center vc_sep_width_100 vc_sep_pos_align_center vc_separator_no_text vc_sep_color_grey\" ><span class=\"vc_sep_holder vc_sep_holder_l\"><span  class=\"vc_sep_line\"><\/span><\/span><span class=\"vc_sep_holder vc_sep_holder_r\"><span  class=\"vc_sep_line\"><\/span><\/span>\n<\/div><\/div><\/div><\/div><\/div><div class=\"vc_row wpb_row vc_inner vc_row-fluid\"><div class=\"wpb_column vc_column_container vc_col-sm-4\"><div class=\"vc_column-inner\"><div class=\"wpb_wrapper\">\n\t<div class=\"wpb_text_column wpb_content_element  vc_custom_1741223539040\" >\n\t\t<div class=\"wpb_wrapper\">\n\t\t\t<h4><span style=\"color: #753e75;\"><a style=\"color: #753e75;\" href=\"https:\/\/ceatso.com\/wp-content\/uploads\/2025\/03\/Revista-Campos-Problematicos-XI_Corregida-43-56.pdf\" target=\"_blank\" rel=\"noopener\">Soporte familiar: Ancla de superaci\u00f3n en los estudiantes de la modalidad educaci\u00f3n b\u00e1sica alternativa<\/a><\/span><\/h4>\n\n\t\t<\/div>\n\t<\/div>\n\n\t<div class=\"wpb_text_column wpb_content_element  vc_custom_1741223585760\" >\n\t\t<div class=\"wpb_wrapper\">\n\t\t\t<p><strong><span style=\"color: #ff7d4f;\">Autoras<\/span><\/strong><br \/>\nMargarita Isabel Le\u00f3n Asmat, Wendy Mary Cielo Castillo Alc\u00e1ntara, Kelly Stephanie Garc\u00eda Vergara y Omega Ju\u00e1rez Rodr\u00edguez<\/p>\n\n\t\t<\/div>\n\t<\/div>\n<div class=\"vc_separator wpb_content_element vc_separator_align_center vc_sep_width_100 vc_sep_pos_align_center vc_separator_no_text vc_sep_color_grey\" ><span class=\"vc_sep_holder vc_sep_holder_l\"><span  class=\"vc_sep_line\"><\/span><\/span><span class=\"vc_sep_holder vc_sep_holder_r\"><span  class=\"vc_sep_line\"><\/span><\/span>\n<\/div><\/div><\/div><\/div><div class=\"wpb_column vc_column_container vc_col-sm-4\"><div class=\"vc_column-inner\"><div class=\"wpb_wrapper\">\n\t<div class=\"wpb_text_column wpb_content_element  vc_custom_1741223625716\" >\n\t\t<div class=\"wpb_wrapper\">\n\t\t\t<h4><span style=\"color: #753e75;\"><a style=\"color: #753e75;\" href=\"https:\/\/ceatso.com\/wp-content\/uploads\/2025\/03\/Revista-Campos-Problematicos-XI_Corregida-57-66.pdf\" target=\"_blank\" rel=\"noopener\">Una mirada hacia la adultez tard\u00eda: \u00bfRealmente es la edad dorada?<\/a><\/span><\/h4>\n\n\t\t<\/div>\n\t<\/div>\n\n\t<div class=\"wpb_text_column wpb_content_element  vc_custom_1741223668174\" >\n\t\t<div class=\"wpb_wrapper\">\n\t\t\t<p><strong><span style=\"color: #ff7d4f;\">Autoras<\/span><\/strong><br \/>\nMar\u00eda Mercedes Ravelo Rodr\u00edguez, Evelina Fern\u00e1ndez Altamirano, Mar\u00eda Fernanda Montoya Esquerre, Pamela Vergara Paredes y Yoya Betzab\u00e9 Flores P\u00e9rez<\/p>\n\n\t\t<\/div>\n\t<\/div>\n<div class=\"vc_separator wpb_content_element vc_separator_align_center vc_sep_width_100 vc_sep_pos_align_center vc_separator_no_text vc_sep_color_grey\" ><span class=\"vc_sep_holder vc_sep_holder_l\"><span  class=\"vc_sep_line\"><\/span><\/span><span class=\"vc_sep_holder vc_sep_holder_r\"><span  class=\"vc_sep_line\"><\/span><\/span>\n<\/div><\/div><\/div><\/div><div class=\"wpb_column vc_column_container vc_col-sm-4\"><div class=\"vc_column-inner\"><div class=\"wpb_wrapper\">\n\t<div class=\"wpb_text_column wpb_content_element  vc_custom_1741223738033\" >\n\t\t<div class=\"wpb_wrapper\">\n\t\t\t<h4><span style=\"color: #753e75;\"><a style=\"color: #753e75;\" href=\"https:\/\/ceatso.com\/wp-content\/uploads\/2025\/03\/Revista-Campos-Problematicos-XI_Corregida-67-75.pdf\" target=\"_blank\" rel=\"noopener\">El espacio p\u00fablico y los desaf\u00edos que enfrenta una persona con movilidad reducida, en Barranquilla, Colombia<\/a><\/span><\/h4>\n\n\t\t<\/div>\n\t<\/div>\n\n\t<div class=\"wpb_text_column wpb_content_element  vc_custom_1733443242000\" >\n\t\t<div class=\"wpb_wrapper\">\n\t\t\t<p><strong><span style=\"color: #ff7d4f;\">Autoras<\/span><\/strong><br \/>\nAdriana Y\u00e9pez Correa, Claudia Ortega Higuita y Chelfa Tamara Medina<\/p>\n\n\t\t<\/div>\n\t<\/div>\n<div class=\"vc_separator wpb_content_element vc_separator_align_center vc_sep_width_100 vc_sep_pos_align_center vc_separator_no_text vc_sep_color_grey\" ><span class=\"vc_sep_holder vc_sep_holder_l\"><span  class=\"vc_sep_line\"><\/span><\/span><span class=\"vc_sep_holder vc_sep_holder_r\"><span  class=\"vc_sep_line\"><\/span><\/span>\n<\/div><\/div><\/div><\/div><\/div><div class=\"vc_row wpb_row vc_inner vc_row-fluid\"><div class=\"wpb_column vc_column_container vc_col-sm-4\"><div class=\"vc_column-inner\"><div class=\"wpb_wrapper\">\n\t<div class=\"wpb_text_column wpb_content_element  vc_custom_1741223796100\" >\n\t\t<div class=\"wpb_wrapper\">\n\t\t\t<h4><span style=\"color: #753e75;\"><a style=\"color: #753e75;\" href=\"https:\/\/ceatso.com\/wp-content\/uploads\/2025\/03\/Revista-Campos-Problematicos-XI_Corregida-76-94.pdf\" target=\"_blank\" rel=\"noopener\">La exclusi\u00f3n en territorios rurales. Experiencia de diagn\u00f3stico participativo en la parroquia rural Los Lojas, Cant\u00f3n Daule, provincia del Guayas, Ecuador<\/a><\/span><\/h4>\n\n\t\t<\/div>\n\t<\/div>\n\n\t<div class=\"wpb_text_column wpb_content_element  vc_custom_1733443375067\" >\n\t\t<div class=\"wpb_wrapper\">\n\t\t\t<p><strong><span style=\"color: #ff7d4f;\">Autores<\/span><\/strong><br \/>\nJulio Beccar-Varela, Ana Quevedo Ter\u00e1n y Mar\u00eda Fernanda De Luca<\/p>\n\n\t\t<\/div>\n\t<\/div>\n<div class=\"vc_separator wpb_content_element vc_separator_align_center vc_sep_width_100 vc_sep_pos_align_center vc_separator_no_text vc_sep_color_grey\" ><span class=\"vc_sep_holder vc_sep_holder_l\"><span  class=\"vc_sep_line\"><\/span><\/span><span class=\"vc_sep_holder vc_sep_holder_r\"><span  class=\"vc_sep_line\"><\/span><\/span>\n<\/div><\/div><\/div><\/div><div class=\"wpb_column vc_column_container vc_col-sm-4\"><div class=\"vc_column-inner\"><div class=\"wpb_wrapper\">\n\t<div class=\"wpb_text_column wpb_content_element  vc_custom_1741223853903\" >\n\t\t<div class=\"wpb_wrapper\">\n\t\t\t<h4><span style=\"color: #753e75;\"><a style=\"color: #753e75;\" href=\"https:\/\/ceatso.com\/wp-content\/uploads\/2025\/03\/Revista-Campos-Problematicos-XI_Corregida-95-98.pdf\" target=\"_blank\" rel=\"noopener\">Rese\u00f1a bibliogr\u00e1fica: Libro: Enfoques, teor\u00edas y perspectivas del Trabajo Social y sus programas acad\u00e9micos<\/a><\/span><\/h4>\n\n\t\t<\/div>\n\t<\/div>\n\n\t<div class=\"wpb_text_column wpb_content_element  vc_custom_1733443731316\" >\n\t\t<div class=\"wpb_wrapper\">\n\t\t\t<p><strong><span style=\"color: #ff7d4f;\">Autora<\/span><\/strong><br \/>\nMayd\u00e9 Ruaby Xitumul Villatoro<\/p>\n\n\t\t<\/div>\n\t<\/div>\n<div class=\"vc_separator wpb_content_element vc_separator_align_center vc_sep_width_100 vc_sep_pos_align_center vc_separator_no_text vc_sep_color_grey\" ><span class=\"vc_sep_holder vc_sep_holder_l\"><span  class=\"vc_sep_line\"><\/span><\/span><span class=\"vc_sep_holder vc_sep_holder_r\"><span  class=\"vc_sep_line\"><\/span><\/span>\n<\/div><\/div><\/div><\/div><div class=\"wpb_column vc_column_container vc_col-sm-4\"><div class=\"vc_column-inner\"><div class=\"wpb_wrapper\"><\/div><\/div><\/div><\/div><\/div><\/div><\/div><\/div>","protected":false},"excerpt":{"rendered":"Volumen IX, A\u00f1o 2024, Semestre II Revista Electr\u00f3nica de Trabajo Social: \u201cCampos Problem\u00e1ticos en el Trabajo Social Latinoamericano\u201d ISSN 2735-6019 Adaptaci\u00f3n Social: Realidad de los universitarios for\u00e1neos provenientes de San Pablo, Cajamarca Autoras Milagros Gianella Palomino Rojas, Clara Elizabeth Guzm\u00e1n &hellip;","protected":false},"author":1,"featured_media":0,"parent":0,"menu_order":0,"comment_status":"closed","ping_status":"closed","template":"page-templates\/homepage.php","meta":{"_bbp_topic_count":0,"_bbp_reply_count":0,"_bbp_total_topic_count":0,"_bbp_total_reply_count":0,"_bbp_voice_count":0,"_bbp_anonymous_reply_count":0,"_bbp_topic_count_hidden":0,"_bbp_reply_count_hidden":0,"_bbp_forum_subforum_count":0,"pmpro_default_level":"","footnotes":""},"class_list":["post-16343","page","type-page","status-publish","hentry","pmpro-has-access"],"yoast_head":"<!-- This site is optimized with the Yoast SEO plugin v25.3 - https:\/\/yoast.com\/wordpress\/plugins\/seo\/ -->\n<title>Art\u00edculos Campos Poblem\u00e1ticos Vol. IX - CEATSO<\/title>\n<meta name=\"robots\" content=\"index, follow, max-snippet:-1, max-image-preview:large, max-video-preview:-1\" \/>\n<link rel=\"canonical\" href=\"https:\/\/ceatso.com\/es\/articulos-campos-poblematicos-vol-ix\/\" \/>\n<meta property=\"og:locale\" content=\"es_ES\" \/>\n<meta property=\"og:type\" content=\"article\" \/>\n<meta property=\"og:title\" content=\"Art\u00edculos Campos Poblem\u00e1ticos Vol. IX - CEATSO\" \/>\n<meta property=\"og:url\" content=\"https:\/\/ceatso.com\/es\/articulos-campos-poblematicos-vol-ix\/\" \/>\n<meta property=\"og:site_name\" content=\"CEATSO\" \/>\n<meta property=\"article:modified_time\" content=\"2025-03-06T01:17:42+00:00\" \/>\n<meta name=\"twitter:card\" content=\"summary_large_image\" \/>\n<meta name=\"twitter:label1\" content=\"Tiempo de lectura\" \/>\n\t<meta name=\"twitter:data1\" content=\"5 minutos\" \/>\n<script type=\"application\/ld+json\" class=\"yoast-schema-graph\">{\"@context\":\"https:\/\/schema.org\",\"@graph\":[{\"@type\":\"WebPage\",\"@id\":\"https:\/\/ceatso.com\/articulos-campos-poblematicos-vol-ix\/\",\"url\":\"https:\/\/ceatso.com\/articulos-campos-poblematicos-vol-ix\/\",\"name\":\"Art\u00edculos Campos Poblem\u00e1ticos Vol. IX - CEATSO\",\"isPartOf\":{\"@id\":\"https:\/\/ceatso.com\/#website\"},\"datePublished\":\"2024-12-06T00:09:52+00:00\",\"dateModified\":\"2025-03-06T01:17:42+00:00\",\"breadcrumb\":{\"@id\":\"https:\/\/ceatso.com\/articulos-campos-poblematicos-vol-ix\/#breadcrumb\"},\"inLanguage\":\"es\",\"potentialAction\":[{\"@type\":\"ReadAction\",\"target\":[\"https:\/\/ceatso.com\/articulos-campos-poblematicos-vol-ix\/\"]}]},{\"@type\":\"BreadcrumbList\",\"@id\":\"https:\/\/ceatso.com\/articulos-campos-poblematicos-vol-ix\/#breadcrumb\",\"itemListElement\":[{\"@type\":\"ListItem\",\"position\":1,\"name\":\"Portada\",\"item\":\"https:\/\/ceatso.com\/\"},{\"@type\":\"ListItem\",\"position\":2,\"name\":\"Art\u00edculos Campos Poblem\u00e1ticos Vol. IX\"}]},{\"@type\":\"WebSite\",\"@id\":\"https:\/\/ceatso.com\/#website\",\"url\":\"https:\/\/ceatso.com\/\",\"name\":\"CEATSO\",\"description\":\"Corporacion de Estudios Avanzados en Trabajo Social\",\"publisher\":{\"@id\":\"https:\/\/ceatso.com\/#organization\"},\"potentialAction\":[{\"@type\":\"SearchAction\",\"target\":{\"@type\":\"EntryPoint\",\"urlTemplate\":\"https:\/\/ceatso.com\/?s={search_term_string}\"},\"query-input\":{\"@type\":\"PropertyValueSpecification\",\"valueRequired\":true,\"valueName\":\"search_term_string\"}}],\"inLanguage\":\"es\"},{\"@type\":\"Organization\",\"@id\":\"https:\/\/ceatso.com\/#organization\",\"name\":\"Corporaci\u00f3n de Estudios Avanzados En Trabajo Social | CEATSO\",\"url\":\"https:\/\/ceatso.com\/\",\"logo\":{\"@type\":\"ImageObject\",\"inLanguage\":\"es\",\"@id\":\"https:\/\/ceatso.com\/#\/schema\/logo\/image\/\",\"url\":\"https:\/\/ceatso.com\/wp-content\/uploads\/2019\/05\/Logro-Negro.png\",\"contentUrl\":\"https:\/\/ceatso.com\/wp-content\/uploads\/2019\/05\/Logro-Negro.png\",\"width\":569,\"height\":164,\"caption\":\"Corporaci\u00f3n de Estudios Avanzados En Trabajo Social | CEATSO\"},\"image\":{\"@id\":\"https:\/\/ceatso.com\/#\/schema\/logo\/image\/\"}}]}<\/script>\n<!-- \/ Yoast SEO plugin. -->","yoast_head_json":{"title":"Art\u00edculos Campos Poblem\u00e1ticos Vol. IX - CEATSO","robots":{"index":"index","follow":"follow","max-snippet":"max-snippet:-1","max-image-preview":"max-image-preview:large","max-video-preview":"max-video-preview:-1"},"canonical":"https:\/\/ceatso.com\/es\/articulos-campos-poblematicos-vol-ix\/","og_locale":"es_ES","og_type":"article","og_title":"Art\u00edculos Campos Poblem\u00e1ticos Vol. IX - CEATSO","og_url":"https:\/\/ceatso.com\/es\/articulos-campos-poblematicos-vol-ix\/","og_site_name":"CEATSO","article_modified_time":"2025-03-06T01:17:42+00:00","twitter_card":"summary_large_image","twitter_misc":{"Tiempo de lectura":"5 minutos"},"schema":{"@context":"https:\/\/schema.org","@graph":[{"@type":"WebPage","@id":"https:\/\/ceatso.com\/articulos-campos-poblematicos-vol-ix\/","url":"https:\/\/ceatso.com\/articulos-campos-poblematicos-vol-ix\/","name":"Art\u00edculos Campos Poblem\u00e1ticos Vol. IX - CEATSO","isPartOf":{"@id":"https:\/\/ceatso.com\/#website"},"datePublished":"2024-12-06T00:09:52+00:00","dateModified":"2025-03-06T01:17:42+00:00","breadcrumb":{"@id":"https:\/\/ceatso.com\/articulos-campos-poblematicos-vol-ix\/#breadcrumb"},"inLanguage":"es","potentialAction":[{"@type":"ReadAction","target":["https:\/\/ceatso.com\/articulos-campos-poblematicos-vol-ix\/"]}]},{"@type":"BreadcrumbList","@id":"https:\/\/ceatso.com\/articulos-campos-poblematicos-vol-ix\/#breadcrumb","itemListElement":[{"@type":"ListItem","position":1,"name":"Portada","item":"https:\/\/ceatso.com\/"},{"@type":"ListItem","position":2,"name":"Art\u00edculos Campos Poblem\u00e1ticos Vol. IX"}]},{"@type":"WebSite","@id":"https:\/\/ceatso.com\/#website","url":"https:\/\/ceatso.com\/","name":"CEATSO","description":"Corporacion de Estudios Avanzados en Trabajo Social","publisher":{"@id":"https:\/\/ceatso.com\/#organization"},"potentialAction":[{"@type":"SearchAction","target":{"@type":"EntryPoint","urlTemplate":"https:\/\/ceatso.com\/?s={search_term_string}"},"query-input":{"@type":"PropertyValueSpecification","valueRequired":true,"valueName":"search_term_string"}}],"inLanguage":"es"},{"@type":"Organization","@id":"https:\/\/ceatso.com\/#organization","name":"Corporaci\u00f3n de Estudios Avanzados En Trabajo Social | CEATSO","url":"https:\/\/ceatso.com\/","logo":{"@type":"ImageObject","inLanguage":"es","@id":"https:\/\/ceatso.com\/#\/schema\/logo\/image\/","url":"https:\/\/ceatso.com\/wp-content\/uploads\/2019\/05\/Logro-Negro.png","contentUrl":"https:\/\/ceatso.com\/wp-content\/uploads\/2019\/05\/Logro-Negro.png","width":569,"height":164,"caption":"Corporaci\u00f3n de Estudios Avanzados En Trabajo Social | CEATSO"},"image":{"@id":"https:\/\/ceatso.com\/#\/schema\/logo\/image\/"}}]}},"_links":{"self":[{"href":"https:\/\/ceatso.com\/es\/wp-json\/wp\/v2\/pages\/16343","targetHints":{"allow":["GET"]}}],"collection":[{"href":"https:\/\/ceatso.com\/es\/wp-json\/wp\/v2\/pages"}],"about":[{"href":"https:\/\/ceatso.com\/es\/wp-json\/wp\/v2\/types\/page"}],"author":[{"embeddable":true,"href":"https:\/\/ceatso.com\/es\/wp-json\/wp\/v2\/users\/1"}],"replies":[{"embeddable":true,"href":"https:\/\/ceatso.com\/es\/wp-json\/wp\/v2\/comments?post=16343"}],"version-history":[{"count":10,"href":"https:\/\/ceatso.com\/es\/wp-json\/wp\/v2\/pages\/16343\/revisions"}],"predecessor-version":[{"id":16456,"href":"https:\/\/ceatso.com\/es\/wp-json\/wp\/v2\/pages\/16343\/revisions\/16456"}],"wp:attachment":[{"href":"https:\/\/ceatso.com\/es\/wp-json\/wp\/v2\/media?parent=16343"}],"curies":[{"name":"wp","href":"https:\/\/api.w.org\/{rel}","templated":true}]}}