{"id":16477,"date":"2025-04-06T21:39:47","date_gmt":"2025-04-06T21:39:47","guid":{"rendered":"https:\/\/ceatso.com\/?page_id=16477"},"modified":"2025-04-06T21:39:47","modified_gmt":"2025-04-06T21:39:47","slug":"articulos-campos-problematicos-vol-x","status":"publish","type":"page","link":"https:\/\/ceatso.com\/es\/articulos-campos-problematicos-vol-x\/","title":{"rendered":"Art\u00edculos Campos Problem\u00e1ticos Vol. X"},"content":{"rendered":"<div data-vc-full-width=\"true\" data-vc-full-width-init=\"false\" data-vc-stretch-content=\"true\" class=\"vc_row wpb_row vc_row-fluid vc_custom_1557090062723 vc_row-has-fill vc_row-no-padding\"><div class=\"wpb_column vc_column_container vc_col-sm-12\"><div class=\"vc_column-inner\"><div class=\"wpb_wrapper\"><div class=\"vc_empty_space\"   style=\"height: 60px\"><span class=\"vc_empty_space_inner\"><\/span><\/div><div class=\"vc_empty_space\"   style=\"height: 60px\"><span class=\"vc_empty_space_inner\"><\/span><\/div>\n\t<div class=\"wpb_text_column wpb_content_element  vc_custom_1743974517301\" >\n\t\t<div class=\"wpb_wrapper\">\n\t\t\t<h1 style=\"text-align: center;\"><span style=\"color: #ffffff;\">Volumen X, A\u00f1o 2025, Semestre I<\/span><\/h1>\n<h2 style=\"text-align: center;\"><span style=\"color: #ffffff;\">Revista Electr\u00f3nica de Trabajo Social:<\/span><br \/>\n<span style=\"color: #ffffff;\">\u201cCampos Problem\u00e1ticos en el Trabajo Social Latinoamericano\u201d<\/span><\/h2>\n<h2 style=\"text-align: center;\"><span style=\"color: #ffffff;\">ISSN 2735-6019<\/span><\/h2>\n\n\t\t<\/div>\n\t<\/div>\n<div class=\"vc_empty_space\"   style=\"height: 60px\"><span class=\"vc_empty_space_inner\"><\/span><\/div><\/div><\/div><\/div><\/div><div class=\"vc_row-full-width vc_clearfix\"><\/div><div class=\"vc_row wpb_row vc_row-fluid\"><div class=\"wpb_column vc_column_container vc_col-sm-12\"><div class=\"vc_column-inner\"><div class=\"wpb_wrapper\"><div class=\"vc_row wpb_row vc_inner vc_row-fluid\"><div class=\"wpb_column vc_column_container vc_col-sm-4\"><div class=\"vc_column-inner\"><div class=\"wpb_wrapper\">\n\t<div class=\"wpb_text_column wpb_content_element  vc_custom_1743974612469\" >\n\t\t<div class=\"wpb_wrapper\">\n\t\t\t<h4><span style=\"color: #753e75;\"><a style=\"color: #753e75;\" href=\"https:\/\/ceatso.com\/wp-content\/uploads\/2025\/04\/Decimo-numero-Revista-Campos-Problematicos-REVISTA-COMPLETA-7-17.pdf\" target=\"_blank\" rel=\"noopener\">An\u00e1lisis del rendimiento acad\u00e9mico en la modalidad de aprendizaje virtual durante y post pandemia en los estudiantes del ciclo profesional del instituto Tolimense de educaci\u00f3n superior ITFIP en el municipio de el Espinal- Tolima<\/a><\/span><\/h4>\n\n\t\t<\/div>\n\t<\/div>\n\n\t<div class=\"wpb_text_column wpb_content_element  vc_custom_1743974628005\" >\n\t\t<div class=\"wpb_wrapper\">\n\t\t\t<p><strong><span style=\"color: #ff7d4f;\">Autores<\/span><\/strong><br \/>\nJuan David Barrag\u00e1n Vargas y Nayelli M\u00e9ndez Garc\u00eda<\/p>\n\n\t\t<\/div>\n\t<\/div>\n<div class=\"vc_separator wpb_content_element vc_separator_align_center vc_sep_width_100 vc_sep_pos_align_center vc_separator_no_text vc_sep_color_grey\" ><span class=\"vc_sep_holder vc_sep_holder_l\"><span  class=\"vc_sep_line\"><\/span><\/span><span class=\"vc_sep_holder vc_sep_holder_r\"><span  class=\"vc_sep_line\"><\/span><\/span>\n<\/div><\/div><\/div><\/div><div class=\"wpb_column vc_column_container vc_col-sm-4\"><div class=\"vc_column-inner\"><div class=\"wpb_wrapper\">\n\t<div class=\"wpb_text_column wpb_content_element  vc_custom_1743974710044\" >\n\t\t<div class=\"wpb_wrapper\">\n\t\t\t<h4><span style=\"color: #753e75;\"><a style=\"color: #753e75;\" href=\"https:\/\/ceatso.com\/wp-content\/uploads\/2025\/04\/Decimo-numero-Revista-Campos-Problematicos-REVISTA-COMPLETA-18-27.pdf\" target=\"_blank\" rel=\"noopener\">An\u00e1lisis de la violencia obst\u00e9trica generada por las instituciones de salud a las f\u00e9minas durante su gestaci\u00f3n, parto y postparto del barrio Isa\u00edas Olivar del El Espinal \u2013 Tolima<\/a><\/span><\/h4>\n\n\t\t<\/div>\n\t<\/div>\n\n\t<div class=\"wpb_text_column wpb_content_element  vc_custom_1743974726582\" >\n\t\t<div class=\"wpb_wrapper\">\n\t\t\t<p><strong><span style=\"color: #ff7d4f;\">Autoras<\/span><\/strong><br \/>\nAlejandra Betancourt Quimbayo y Sirley Canizales Garc\u00eda<\/p>\n\n\t\t<\/div>\n\t<\/div>\n<div class=\"vc_separator wpb_content_element vc_separator_align_center vc_sep_width_100 vc_sep_pos_align_center vc_separator_no_text vc_sep_color_grey\" ><span class=\"vc_sep_holder vc_sep_holder_l\"><span  class=\"vc_sep_line\"><\/span><\/span><span class=\"vc_sep_holder vc_sep_holder_r\"><span  class=\"vc_sep_line\"><\/span><\/span>\n<\/div><\/div><\/div><\/div><div class=\"wpb_column vc_column_container vc_col-sm-4\"><div class=\"vc_column-inner\"><div class=\"wpb_wrapper\">\n\t<div class=\"wpb_text_column wpb_content_element  vc_custom_1743974807817\" >\n\t\t<div class=\"wpb_wrapper\">\n\t\t\t<h4><span style=\"color: #753e75;\"><a style=\"color: #753e75;\" href=\"https:\/\/ceatso.com\/wp-content\/uploads\/2025\/04\/Decimo-numero-Revista-Campos-Problematicos-REVISTA-COMPLETA-28-40.pdf\" target=\"_blank\" rel=\"noopener\">Derechos humanos y diversidad sexual: Un an\u00e1lisis sobre la inclusi\u00f3n en las instituciones educativas de Barranquilla<\/a><\/span><\/h4>\n\n\t\t<\/div>\n\t<\/div>\n\n\t<div class=\"wpb_text_column wpb_content_element  vc_custom_1743974835519\" >\n\t\t<div class=\"wpb_wrapper\">\n\t\t\t<p><strong><span style=\"color: #ff7d4f;\">Autoras<\/span><\/strong><br \/>\nRosario Joaqu\u00edn Reales Vega, Stefan\u00eda Lasso Herazo, Yesina Osorio Torres y Tania Ortega Arroyo<\/p>\n\n\t\t<\/div>\n\t<\/div>\n<div class=\"vc_separator wpb_content_element vc_separator_align_center vc_sep_width_100 vc_sep_pos_align_center vc_separator_no_text vc_sep_color_grey\" ><span class=\"vc_sep_holder vc_sep_holder_l\"><span  class=\"vc_sep_line\"><\/span><\/span><span class=\"vc_sep_holder vc_sep_holder_r\"><span  class=\"vc_sep_line\"><\/span><\/span>\n<\/div><\/div><\/div><\/div><\/div><div class=\"vc_row wpb_row vc_inner vc_row-fluid\"><div class=\"wpb_column vc_column_container vc_col-sm-4\"><div class=\"vc_column-inner\"><div class=\"wpb_wrapper\">\n\t<div class=\"wpb_text_column wpb_content_element  vc_custom_1743974906898\" >\n\t\t<div class=\"wpb_wrapper\">\n\t\t\t<h4><span style=\"color: #753e75;\"><a style=\"color: #753e75;\" href=\"https:\/\/ceatso.com\/wp-content\/uploads\/2025\/04\/Decimo-numero-Revista-Campos-Problematicos-REVISTA-COMPLETA-41-59.pdf\" target=\"_blank\" rel=\"noopener\">Consumo problem\u00e1tico de marihuana en j\u00f3venes de la Regi\u00f3n Metropolitana<\/a><\/span><\/h4>\n\n\t\t<\/div>\n\t<\/div>\n\n\t<div class=\"wpb_text_column wpb_content_element  vc_custom_1743974922127\" >\n\t\t<div class=\"wpb_wrapper\">\n\t\t\t<p><strong><span style=\"color: #ff7d4f;\">Autoras<\/span><\/strong><br \/>\nKaren Andrea Tobar C\u00e1ceres y Tiare Carolina Anariki Vera<\/p>\n\n\t\t<\/div>\n\t<\/div>\n<div class=\"vc_separator wpb_content_element vc_separator_align_center vc_sep_width_100 vc_sep_pos_align_center vc_separator_no_text vc_sep_color_grey\" ><span class=\"vc_sep_holder vc_sep_holder_l\"><span  class=\"vc_sep_line\"><\/span><\/span><span class=\"vc_sep_holder vc_sep_holder_r\"><span  class=\"vc_sep_line\"><\/span><\/span>\n<\/div><\/div><\/div><\/div><div class=\"wpb_column vc_column_container vc_col-sm-4\"><div class=\"vc_column-inner\"><div class=\"wpb_wrapper\">\n\t<div class=\"wpb_text_column wpb_content_element  vc_custom_1743974974713\" >\n\t\t<div class=\"wpb_wrapper\">\n\t\t\t<h4><span style=\"color: #753e75;\"><a style=\"color: #753e75;\" href=\"https:\/\/ceatso.com\/wp-content\/uploads\/2025\/04\/Decimo-numero-Revista-Campos-Problematicos-REVISTA-COMPLETA-60-80.pdf\" target=\"_blank\" rel=\"noopener\">Resiliencia y motivaci\u00f3n: El contexto del Trabajador\/a Social en la red de protecci\u00f3n a la infancia y adolescencia<\/a><\/span><\/h4>\n\n\t\t<\/div>\n\t<\/div>\n\n\t<div class=\"wpb_text_column wpb_content_element  vc_custom_1743974987477\" >\n\t\t<div class=\"wpb_wrapper\">\n\t\t\t<p><strong><span style=\"color: #ff7d4f;\">Autoras<\/span><\/strong><br \/>\nVannessa Elena Romo Galdames y Nataly Patricia Guti\u00e9rrez Rodr\u00edguez<\/p>\n\n\t\t<\/div>\n\t<\/div>\n<div class=\"vc_separator wpb_content_element vc_separator_align_center vc_sep_width_100 vc_sep_pos_align_center vc_separator_no_text vc_sep_color_grey\" ><span class=\"vc_sep_holder vc_sep_holder_l\"><span  class=\"vc_sep_line\"><\/span><\/span><span class=\"vc_sep_holder vc_sep_holder_r\"><span  class=\"vc_sep_line\"><\/span><\/span>\n<\/div><\/div><\/div><\/div><div class=\"wpb_column vc_column_container vc_col-sm-4\"><div class=\"vc_column-inner\"><div class=\"wpb_wrapper\">\n\t<div class=\"wpb_text_column wpb_content_element  vc_custom_1743975034142\" >\n\t\t<div class=\"wpb_wrapper\">\n\t\t\t<h4><span style=\"color: #753e75;\"><a style=\"color: #753e75;\" href=\"https:\/\/ceatso.com\/wp-content\/uploads\/2025\/04\/Decimo-numero-Revista-Campos-Problematicos-REVISTA-COMPLETA-81-102.pdf\" target=\"_blank\" rel=\"noopener\">Influencia del deporte en adolescentes<\/a><\/span><\/h4>\n\n\t\t<\/div>\n\t<\/div>\n\n\t<div class=\"wpb_text_column wpb_content_element  vc_custom_1743975058867\" >\n\t\t<div class=\"wpb_wrapper\">\n\t\t\t<p><strong><span style=\"color: #ff7d4f;\">Autoras<\/span><\/strong><br \/>\nTamara Carvajal B., Javiera Reyes G. y Valentina Molina C.<\/p>\n\n\t\t<\/div>\n\t<\/div>\n<div class=\"vc_separator wpb_content_element vc_separator_align_center vc_sep_width_100 vc_sep_pos_align_center vc_separator_no_text vc_sep_color_grey\" ><span class=\"vc_sep_holder vc_sep_holder_l\"><span  class=\"vc_sep_line\"><\/span><\/span><span class=\"vc_sep_holder vc_sep_holder_r\"><span  class=\"vc_sep_line\"><\/span><\/span>\n<\/div><\/div><\/div><\/div><\/div><div class=\"vc_row wpb_row vc_inner vc_row-fluid\"><div class=\"wpb_column vc_column_container vc_col-sm-4\"><div class=\"vc_column-inner\"><div class=\"wpb_wrapper\">\n\t<div class=\"wpb_text_column wpb_content_element  vc_custom_1743975118003\" >\n\t\t<div class=\"wpb_wrapper\">\n\t\t\t<h4><span style=\"color: #753e75;\"><a style=\"color: #753e75;\" href=\"https:\/\/ceatso.com\/wp-content\/uploads\/2025\/04\/Decimo-numero-Revista-Campos-Problematicos-REVISTA-COMPLETA-103-125.pdf\" target=\"_blank\" rel=\"noopener\">Migraci\u00f3n en Chile y su inserci\u00f3n a la nueva realidad chilena<\/a><\/span><\/h4>\n\n\t\t<\/div>\n\t<\/div>\n\n\t<div class=\"wpb_text_column wpb_content_element  vc_custom_1743975148515\" >\n\t\t<div class=\"wpb_wrapper\">\n\t\t\t<p><strong><span style=\"color: #ff7d4f;\">Autoras<\/span><\/strong><br \/>\nKarol Araya Rojas, Janndery Julia Soncco Basauri y Francisca Sotomayor Su\u00e1rez<\/p>\n\n\t\t<\/div>\n\t<\/div>\n<div class=\"vc_separator wpb_content_element vc_separator_align_center vc_sep_width_100 vc_sep_pos_align_center vc_separator_no_text vc_sep_color_grey\" ><span class=\"vc_sep_holder vc_sep_holder_l\"><span  class=\"vc_sep_line\"><\/span><\/span><span class=\"vc_sep_holder vc_sep_holder_r\"><span  class=\"vc_sep_line\"><\/span><\/span>\n<\/div><\/div><\/div><\/div><div class=\"wpb_column vc_column_container vc_col-sm-4\"><div class=\"vc_column-inner\"><div class=\"wpb_wrapper\">\n\t<div class=\"wpb_text_column wpb_content_element  vc_custom_1743975207563\" >\n\t\t<div class=\"wpb_wrapper\">\n\t\t\t<h4><span style=\"color: #753e75;\"><a style=\"color: #753e75;\" href=\"https:\/\/ceatso.com\/wp-content\/uploads\/2025\/04\/Decimo-numero-Revista-Campos-Problematicos-REVISTA-COMPLETA-126-149.pdf\" target=\"_blank\" rel=\"noopener\">Percepci\u00f3n de vecinos\/as respecto de su vivencia al interior del campamento \u201cEl Pe\u00f1oncito\u201d de la comuna de Puente Alto<\/a><\/span><\/h4>\n\n\t\t<\/div>\n\t<\/div>\n\n\t<div class=\"wpb_text_column wpb_content_element  vc_custom_1743975231107\" >\n\t\t<div class=\"wpb_wrapper\">\n\t\t\t<p><strong><span style=\"color: #ff7d4f;\">Autoras<\/span><\/strong><br \/>\nKatia Margot Mart\u00ednez Guzm\u00e1n, Mar\u00eda Alicia Mu\u00f1oz Pe\u00f1a, Ana Patricia Proboste Plaza y Mar\u00eda Jos\u00e9 Zapata Toro<\/p>\n\n\t\t<\/div>\n\t<\/div>\n<div class=\"vc_separator wpb_content_element vc_separator_align_center vc_sep_width_100 vc_sep_pos_align_center vc_separator_no_text vc_sep_color_grey\" ><span class=\"vc_sep_holder vc_sep_holder_l\"><span  class=\"vc_sep_line\"><\/span><\/span><span class=\"vc_sep_holder vc_sep_holder_r\"><span  class=\"vc_sep_line\"><\/span><\/span>\n<\/div><\/div><\/div><\/div><div class=\"wpb_column vc_column_container vc_col-sm-4\"><div class=\"vc_column-inner\"><div class=\"wpb_wrapper\">\n\t<div class=\"wpb_text_column wpb_content_element  vc_custom_1743975422626\" >\n\t\t<div class=\"wpb_wrapper\">\n\t\t\t<h4><span style=\"color: #753e75;\"><a style=\"color: #753e75;\" href=\"https:\/\/ceatso.com\/wp-content\/uploads\/2025\/04\/Decimo-numero-Revista-Campos-Problematicos-REVISTA-COMPLETA-150-168.pdf\" target=\"_blank\" rel=\"noopener\">Percepci\u00f3n de j\u00f3venes infractores de ley en sus primeros encuentros delictivos en la Regi\u00f3n Metropolitana<\/a><\/span><\/h4>\n\n\t\t<\/div>\n\t<\/div>\n\n\t<div class=\"wpb_text_column wpb_content_element  vc_custom_1743975442646\" >\n\t\t<div class=\"wpb_wrapper\">\n\t\t\t<p><strong><span style=\"color: #ff7d4f;\">Autoras<\/span><\/strong><br \/>\nCamila Flores Marambio, Lucila Navarrete Milla y Paloma Oyarz\u00fan Decar<\/p>\n\n\t\t<\/div>\n\t<\/div>\n<div class=\"vc_separator wpb_content_element vc_separator_align_center vc_sep_width_100 vc_sep_pos_align_center vc_separator_no_text vc_sep_color_grey\" ><span class=\"vc_sep_holder vc_sep_holder_l\"><span  class=\"vc_sep_line\"><\/span><\/span><span class=\"vc_sep_holder vc_sep_holder_r\"><span  class=\"vc_sep_line\"><\/span><\/span>\n<\/div><\/div><\/div><\/div><\/div><div class=\"vc_row wpb_row vc_inner vc_row-fluid\"><div class=\"wpb_column vc_column_container vc_col-sm-4\"><div class=\"vc_column-inner\"><div class=\"wpb_wrapper\">\n\t<div class=\"wpb_text_column wpb_content_element  vc_custom_1743975505425\" >\n\t\t<div class=\"wpb_wrapper\">\n\t\t\t<h4><span style=\"color: #753e75;\"><a style=\"color: #753e75;\" href=\"https:\/\/ceatso.com\/wp-content\/uploads\/2025\/04\/Decimo-numero-Revista-Campos-Problematicos-REVISTA-COMPLETA-169-181.pdf\" target=\"_blank\" rel=\"noopener\">Trabajo Social en tiempos de dictatura y su importancia en la actualidad en Trabajo Social<\/a><\/span><\/h4>\n\n\t\t<\/div>\n\t<\/div>\n\n\t<div class=\"wpb_text_column wpb_content_element  vc_custom_1743975521120\" >\n\t\t<div class=\"wpb_wrapper\">\n\t\t\t<p><strong><span style=\"color: #ff7d4f;\">Autoras<\/span><\/strong><br \/>\nScarlett Fernanda Caris Bustos y Estefan\u00eda Bernardita Vera Gonz\u00e1lez<\/p>\n\n\t\t<\/div>\n\t<\/div>\n<div class=\"vc_separator wpb_content_element vc_separator_align_center vc_sep_width_100 vc_sep_pos_align_center vc_separator_no_text vc_sep_color_grey\" ><span class=\"vc_sep_holder vc_sep_holder_l\"><span  class=\"vc_sep_line\"><\/span><\/span><span class=\"vc_sep_holder vc_sep_holder_r\"><span  class=\"vc_sep_line\"><\/span><\/span>\n<\/div><\/div><\/div><\/div><div class=\"wpb_column vc_column_container vc_col-sm-4\"><div class=\"vc_column-inner\"><div class=\"wpb_wrapper\"><\/div><\/div><\/div><div class=\"wpb_column vc_column_container vc_col-sm-4\"><div class=\"vc_column-inner\"><div class=\"wpb_wrapper\"><\/div><\/div><\/div><\/div><\/div><\/div><\/div><\/div>","protected":false},"excerpt":{"rendered":"Volumen X, A\u00f1o 2025, Semestre I Revista Electr\u00f3nica de Trabajo Social: \u201cCampos Problem\u00e1ticos en el Trabajo Social Latinoamericano\u201d ISSN 2735-6019 An\u00e1lisis del rendimiento acad\u00e9mico en la modalidad de aprendizaje virtual durante y post pandemia en los estudiantes del ciclo profesional &hellip;","protected":false},"author":1,"featured_media":0,"parent":0,"menu_order":0,"comment_status":"closed","ping_status":"closed","template":"page-templates\/homepage.php","meta":{"_bbp_topic_count":0,"_bbp_reply_count":0,"_bbp_total_topic_count":0,"_bbp_total_reply_count":0,"_bbp_voice_count":0,"_bbp_anonymous_reply_count":0,"_bbp_topic_count_hidden":0,"_bbp_reply_count_hidden":0,"_bbp_forum_subforum_count":0,"pmpro_default_level":"","footnotes":""},"class_list":["post-16477","page","type-page","status-publish","hentry","pmpro-has-access"],"yoast_head":"<!-- This site is optimized with the Yoast SEO plugin v25.3 - https:\/\/yoast.com\/wordpress\/plugins\/seo\/ -->\n<title>Art\u00edculos Campos Problem\u00e1ticos Vol. X - CEATSO<\/title>\n<meta name=\"robots\" content=\"index, follow, max-snippet:-1, max-image-preview:large, max-video-preview:-1\" \/>\n<link rel=\"canonical\" href=\"https:\/\/ceatso.com\/es\/articulos-campos-problematicos-vol-x\/\" \/>\n<meta property=\"og:locale\" content=\"es_ES\" \/>\n<meta property=\"og:type\" content=\"article\" \/>\n<meta property=\"og:title\" content=\"Art\u00edculos Campos Problem\u00e1ticos Vol. X - CEATSO\" \/>\n<meta property=\"og:url\" content=\"https:\/\/ceatso.com\/es\/articulos-campos-problematicos-vol-x\/\" \/>\n<meta property=\"og:site_name\" content=\"CEATSO\" \/>\n<meta name=\"twitter:card\" content=\"summary_large_image\" \/>\n<meta name=\"twitter:label1\" content=\"Tiempo de lectura\" \/>\n\t<meta name=\"twitter:data1\" content=\"5 minutos\" \/>\n<script type=\"application\/ld+json\" class=\"yoast-schema-graph\">{\"@context\":\"https:\/\/schema.org\",\"@graph\":[{\"@type\":\"WebPage\",\"@id\":\"https:\/\/ceatso.com\/articulos-campos-problematicos-vol-x\/\",\"url\":\"https:\/\/ceatso.com\/articulos-campos-problematicos-vol-x\/\",\"name\":\"Art\u00edculos Campos Problem\u00e1ticos Vol. X - CEATSO\",\"isPartOf\":{\"@id\":\"https:\/\/ceatso.com\/#website\"},\"datePublished\":\"2025-04-06T21:39:47+00:00\",\"breadcrumb\":{\"@id\":\"https:\/\/ceatso.com\/articulos-campos-problematicos-vol-x\/#breadcrumb\"},\"inLanguage\":\"es\",\"potentialAction\":[{\"@type\":\"ReadAction\",\"target\":[\"https:\/\/ceatso.com\/articulos-campos-problematicos-vol-x\/\"]}]},{\"@type\":\"BreadcrumbList\",\"@id\":\"https:\/\/ceatso.com\/articulos-campos-problematicos-vol-x\/#breadcrumb\",\"itemListElement\":[{\"@type\":\"ListItem\",\"position\":1,\"name\":\"Portada\",\"item\":\"https:\/\/ceatso.com\/\"},{\"@type\":\"ListItem\",\"position\":2,\"name\":\"Art\u00edculos Campos Problem\u00e1ticos Vol. X\"}]},{\"@type\":\"WebSite\",\"@id\":\"https:\/\/ceatso.com\/#website\",\"url\":\"https:\/\/ceatso.com\/\",\"name\":\"CEATSO\",\"description\":\"Corporacion de Estudios Avanzados en Trabajo Social\",\"publisher\":{\"@id\":\"https:\/\/ceatso.com\/#organization\"},\"potentialAction\":[{\"@type\":\"SearchAction\",\"target\":{\"@type\":\"EntryPoint\",\"urlTemplate\":\"https:\/\/ceatso.com\/?s={search_term_string}\"},\"query-input\":{\"@type\":\"PropertyValueSpecification\",\"valueRequired\":true,\"valueName\":\"search_term_string\"}}],\"inLanguage\":\"es\"},{\"@type\":\"Organization\",\"@id\":\"https:\/\/ceatso.com\/#organization\",\"name\":\"Corporaci\u00f3n de Estudios Avanzados En Trabajo Social | CEATSO\",\"url\":\"https:\/\/ceatso.com\/\",\"logo\":{\"@type\":\"ImageObject\",\"inLanguage\":\"es\",\"@id\":\"https:\/\/ceatso.com\/#\/schema\/logo\/image\/\",\"url\":\"https:\/\/ceatso.com\/wp-content\/uploads\/2019\/05\/Logro-Negro.png\",\"contentUrl\":\"https:\/\/ceatso.com\/wp-content\/uploads\/2019\/05\/Logro-Negro.png\",\"width\":569,\"height\":164,\"caption\":\"Corporaci\u00f3n de Estudios Avanzados En Trabajo Social | CEATSO\"},\"image\":{\"@id\":\"https:\/\/ceatso.com\/#\/schema\/logo\/image\/\"}}]}<\/script>\n<!-- \/ Yoast SEO plugin. -->","yoast_head_json":{"title":"Art\u00edculos Campos Problem\u00e1ticos Vol. X - CEATSO","robots":{"index":"index","follow":"follow","max-snippet":"max-snippet:-1","max-image-preview":"max-image-preview:large","max-video-preview":"max-video-preview:-1"},"canonical":"https:\/\/ceatso.com\/es\/articulos-campos-problematicos-vol-x\/","og_locale":"es_ES","og_type":"article","og_title":"Art\u00edculos Campos Problem\u00e1ticos Vol. X - CEATSO","og_url":"https:\/\/ceatso.com\/es\/articulos-campos-problematicos-vol-x\/","og_site_name":"CEATSO","twitter_card":"summary_large_image","twitter_misc":{"Tiempo de lectura":"5 minutos"},"schema":{"@context":"https:\/\/schema.org","@graph":[{"@type":"WebPage","@id":"https:\/\/ceatso.com\/articulos-campos-problematicos-vol-x\/","url":"https:\/\/ceatso.com\/articulos-campos-problematicos-vol-x\/","name":"Art\u00edculos Campos Problem\u00e1ticos Vol. X - CEATSO","isPartOf":{"@id":"https:\/\/ceatso.com\/#website"},"datePublished":"2025-04-06T21:39:47+00:00","breadcrumb":{"@id":"https:\/\/ceatso.com\/articulos-campos-problematicos-vol-x\/#breadcrumb"},"inLanguage":"es","potentialAction":[{"@type":"ReadAction","target":["https:\/\/ceatso.com\/articulos-campos-problematicos-vol-x\/"]}]},{"@type":"BreadcrumbList","@id":"https:\/\/ceatso.com\/articulos-campos-problematicos-vol-x\/#breadcrumb","itemListElement":[{"@type":"ListItem","position":1,"name":"Portada","item":"https:\/\/ceatso.com\/"},{"@type":"ListItem","position":2,"name":"Art\u00edculos Campos Problem\u00e1ticos Vol. X"}]},{"@type":"WebSite","@id":"https:\/\/ceatso.com\/#website","url":"https:\/\/ceatso.com\/","name":"CEATSO","description":"Corporacion de Estudios Avanzados en Trabajo Social","publisher":{"@id":"https:\/\/ceatso.com\/#organization"},"potentialAction":[{"@type":"SearchAction","target":{"@type":"EntryPoint","urlTemplate":"https:\/\/ceatso.com\/?s={search_term_string}"},"query-input":{"@type":"PropertyValueSpecification","valueRequired":true,"valueName":"search_term_string"}}],"inLanguage":"es"},{"@type":"Organization","@id":"https:\/\/ceatso.com\/#organization","name":"Corporaci\u00f3n de Estudios Avanzados En Trabajo Social | CEATSO","url":"https:\/\/ceatso.com\/","logo":{"@type":"ImageObject","inLanguage":"es","@id":"https:\/\/ceatso.com\/#\/schema\/logo\/image\/","url":"https:\/\/ceatso.com\/wp-content\/uploads\/2019\/05\/Logro-Negro.png","contentUrl":"https:\/\/ceatso.com\/wp-content\/uploads\/2019\/05\/Logro-Negro.png","width":569,"height":164,"caption":"Corporaci\u00f3n de Estudios Avanzados En Trabajo Social | CEATSO"},"image":{"@id":"https:\/\/ceatso.com\/#\/schema\/logo\/image\/"}}]}},"_links":{"self":[{"href":"https:\/\/ceatso.com\/es\/wp-json\/wp\/v2\/pages\/16477","targetHints":{"allow":["GET"]}}],"collection":[{"href":"https:\/\/ceatso.com\/es\/wp-json\/wp\/v2\/pages"}],"about":[{"href":"https:\/\/ceatso.com\/es\/wp-json\/wp\/v2\/types\/page"}],"author":[{"embeddable":true,"href":"https:\/\/ceatso.com\/es\/wp-json\/wp\/v2\/users\/1"}],"replies":[{"embeddable":true,"href":"https:\/\/ceatso.com\/es\/wp-json\/wp\/v2\/comments?post=16477"}],"version-history":[{"count":2,"href":"https:\/\/ceatso.com\/es\/wp-json\/wp\/v2\/pages\/16477\/revisions"}],"predecessor-version":[{"id":16489,"href":"https:\/\/ceatso.com\/es\/wp-json\/wp\/v2\/pages\/16477\/revisions\/16489"}],"wp:attachment":[{"href":"https:\/\/ceatso.com\/es\/wp-json\/wp\/v2\/media?parent=16477"}],"curies":[{"name":"wp","href":"https:\/\/api.w.org\/{rel}","templated":true}]}}